{"id":19699,"date":"2026-08-18T09:58:07","date_gmt":"2026-08-18T07:58:07","guid":{"rendered":"https:\/\/www.asep.cat\/?page_id=19699"},"modified":"2026-08-18T16:17:02","modified_gmt":"2026-08-18T14:17:02","slug":"temporada-2025-26","status":"publish","type":"page","link":"https:\/\/www.asep.cat\/index.php\/temporada-2025-26\/","title":{"rendered":"Temporada 2025-26"},"content":{"rendered":"\n<h2 class=\"wp-block-heading\">Descripci\u00f3 de la temporada<\/h2>\n\n\n\n<p class=\"wp-block-paragraph\">Definitivament no podem seguir amb pipcat, la p\u00e0gina s&#8217;ha bloquejat i no h ha manera de contactar amb en Xindes que es el seu creador.<\/p>\n\n\n\n<p class=\"wp-block-paragraph\">Cap dels inform\u00e0tics amb els que he contactat ha donat el menor s\u00edmptoma d&#8217;inter\u00e8s, i tant els companys del SEMAR con els del Pened\u00e8s, les seves p\u00e0gines els hi han fet parents.<\/p>\n\n\n\n<p class=\"wp-block-paragraph\">A Can Rafel, ha comen\u00e7at a jugar un company que s&#8217;acaba de jubil\u00e0, es en Toni, ha estat inform\u00e0tic professional, li explico el que necessitem i accepta fer-nos-ho.<\/p>\n\n\n\n<p class=\"wp-block-paragraph\">Dit i fet, ens aconsegueix el domini de www.asep.cat (estava lliure) ens munta un n\u00favol dom\u00e8stic (RaspBerry), es a dir que no hem de pagar un espai extern, el tinc a casa connectat a la meva fibra \u00f2ptica i la seva filla, experta amb el programa WordPress ens construeix la p\u00e0gina.<\/p>\n\n\n\n<p class=\"wp-block-paragraph\">Jo amb quatre explicacions d&#8217;ella i amb un parell de cursos per internet, m&#8217;hi poso a omplir-la de contingut, de tal manera que podem comen\u00e7ar la temporada amb tota la informaci\u00f3 disponible per organitzar-nos.<\/p>\n\n\n\n<p class=\"wp-block-paragraph\">Tenint en compte de que els companys del SEMAR acaben de fer-se c\u00e0rrec de la zona Nord de Catalunya i pensant ja amb la temporada 2026-27, en que tant la Ryder com l&#8217;Interzones les farem a tres bandes, decidim continuar sols amb la Ryder que ja ten\u00edem establerta la seu com la data i l&#8217;Interzones de moment ho deixem, per veure com ho perfilem en el Comit\u00e8 de S\u00e8niors.<\/p>\n\n\n\n<p class=\"wp-block-paragraph\">Un problema que ens ha agafat d&#8217;imprevist, es la sobtada pujada dels pernils de ra\u00e7a ib\u00e8rica, de 60\u20ac que els vam comprar la temporada passada a quasi 110\u20ac d&#8217;enguany, vs estudiar diferents alternatives i ens vam decidir canvi\u00e0 de ra\u00e7a i els vam compra de Duroc que ens van costar sobre uns 65\u20ac,l&#8217;any que ve, ja veurem el que fem.<\/p>\n\n\n\n<h2 class=\"wp-block-heading\">XIX Intercamps SP<\/h2>\n\n\n\n<p class=\"wp-block-paragraph\">L&#8217;a temorada passada l&#8217;Intercamps, es va fe una mica curt, especialment per els equip de la 4a divisi\u00f3 en que sols eren 7 equips que equivalien 7 partits.<\/p>\n\n\n\n<p class=\"wp-block-paragraph\">Per resoldre quest problemes vam decidir que a totes les divisions, hi haguessin els equips que fossin, sempre fariem les temporades de 9 partit.<\/p>\n\n\n\n<p class=\"wp-block-paragraph\">Per completar-ho, vam escollir els camps que faltaven per completar els partits, entre els camps \u00abneutrals\u00bb es s dir que no s&#8217;hi haguessin jugat cap partit aquella temporada en aquella divisi\u00f3.<\/p>\n\n\n\n<p class=\"wp-block-paragraph\">Els equips participants aquesta temporada van ser:<\/p>\n\n\n\n<div class=\"wp-block-columns is-layout-flex wp-container-core-columns-is-layout-f56f613f wp-block-columns-is-layout-flex\">\n<div class=\"wp-block-column is-layout-flow wp-block-column-is-layout-flow\">\n<p class=\"wp-block-paragraph\"><em>1a divisi\u00f3<\/em><\/p>\n\n\n\n<ol class=\"wp-block-list\">\n<li class=\"has-medium-font-size\">BONAREA A<\/li>\n\n\n\n<li class=\"has-medium-font-size\">CAN RAFEL PENEDES<\/li>\n\n\n\n<li class=\"has-medium-font-size\">CAN RAFEL SENIOR<\/li>\n\n\n\n<li class=\"has-medium-font-size\">COSTA DAURADA A<\/li>\n\n\n\n<li class=\"has-medium-font-size\">MANRESA GOLF LA ROQUETA<\/li>\n\n\n\n<li class=\"has-medium-font-size\">MULLIGAN CAN MASCARO<\/li>\n\n\n\n<li class=\"has-medium-font-size\">PORTAL DEL ROC<\/li>\n\n\n\n<li class=\"has-medium-font-size\">ROC3 VERMELL<\/li>\n<\/ol>\n<\/div>\n\n\n\n<div class=\"wp-block-column is-layout-flow wp-block-column-is-layout-flow\">\n<p class=\"wp-block-paragraph\"><em>2a divisi\u00f3<\/em><\/p>\n\n\n\n<ol class=\"wp-block-list\">\n<li class=\"has-medium-font-size\">BELLPUIG<\/li>\n\n\n\n<li class=\"has-medium-font-size\">CAMBRILS<\/li>\n\n\n\n<li class=\"has-medium-font-size\">EL VALLES A<\/li>\n\n\n\n<li class=\"has-medium-font-size\">LLEIDA TORRESERONA<\/li>\n\n\n\n<li class=\"has-medium-font-size\">ORFEO CATALONIA<\/li>\n\n\n\n<li class=\"has-medium-font-size\">ROC 3 APOLO<\/li>\n\n\n\n<li class=\"has-medium-font-size\">ROC3 CAT<\/li>\n\n\n\n<li class=\"has-medium-font-size\">SENIORS COSTA DAURADA P&amp;P<\/li>\n<\/ol>\n<\/div>\n<\/div>\n\n\n\n<div class=\"wp-block-columns is-layout-flex wp-container-core-columns-is-layout-f56f613f wp-block-columns-is-layout-flex\">\n<div class=\"wp-block-column is-layout-flow wp-block-column-is-layout-flow\">\n<p class=\"wp-block-paragraph\"><em>3a divisi\u00f3<\/em><\/p>\n\n\n\n<ol class=\"wp-block-list\">\n<li>CAN CUYAS<\/li>\n\n\n\n<li>CAN MASCARO B<\/li>\n\n\n\n<li>CAN RAFEL NOU<\/li>\n\n\n\n<li>COSTA DAURADA B<\/li>\n\n\n\n<li>EL VALLES 20<\/li>\n\n\n\n<li>ROC3 PROMESES<\/li>\n\n\n\n<li>SENIOR OLIMPIC<\/li>\n\n\n\n<li>VILAGOF CAMBRILS<\/li>\n<\/ol>\n<\/div>\n\n\n\n<div class=\"wp-block-column is-layout-flow wp-block-column-is-layout-flow\">\n<p class=\"wp-block-paragraph\"><em>4a divisi\u00f3<\/em><\/p>\n\n\n\n<ol class=\"wp-block-list\">\n<li>BONAREA B<\/li>\n\n\n\n<li>CAN MASCARO A<\/li>\n\n\n\n<li>EL VENDRELL A<\/li>\n\n\n\n<li>EL VENDRELL  B<\/li>\n\n\n\n<li>MULLIGAN CAN RAFEL<\/li>\n\n\n\n<li>P&amp;P BAGES<\/li>\n\n\n\n<li>VOLA BOLA CAN CUYAS<\/li>\n<\/ol>\n<\/div>\n<\/div>\n\n\n\n<h2 class=\"wp-block-heading\">XI Intercamps MP<\/h2>\n\n\n\n<p class=\"wp-block-paragraph\">Cap novetat respecta al n\u00famero de equips, per\u00f2 si a la denominaci\u00f3.<\/p>\n\n\n\n<p class=\"wp-block-paragraph\">Ja son varis els equips que incorporen jugadors que en SP juguen en altres equips. T\u00e8cnicament no hi ha res a dir, de fet son dos equips diferents i per aix\u00f2, per diferenciar-los en el nom del equip hi afegim \u00abMP\u00bb aix\u00ed sabem que tot i que el nom sigui igual, la composici\u00f3 dels jugadors no es la mateixa.<\/p>\n\n\n\n<p class=\"wp-block-paragraph\">Els equips d&#8217;aquesta temporada vans ser:<\/p>\n\n\n\n<div class=\"wp-block-columns is-layout-flex wp-container-core-columns-is-layout-f56f613f wp-block-columns-is-layout-flex\">\n<div class=\"wp-block-column is-layout-flow wp-block-column-is-layout-flow\">\n<p class=\"wp-block-paragraph\"><em>1a divisi\u00f3<\/em><\/p>\n\n\n\n<ol class=\"wp-block-list\">\n<li class=\"has-medium-font-size\">CAN RAFEL NOU<\/li>\n\n\n\n<li class=\"has-medium-font-size\">CAN RAFEL SENIOR MP<\/li>\n\n\n\n<li class=\"has-medium-font-size\">PORTAL DEL ROC<\/li>\n\n\n\n<li class=\"has-medium-font-size\">EL VALLES A<\/li>\n\n\n\n<li class=\"has-medium-font-size\">MANRESA GOLF LA ROQUETA<\/li>\n\n\n\n<li class=\"has-medium-font-size\">MULLIGAN CAN MASCARO MP<\/li>\n\n\n\n<li class=\"has-medium-font-size\">ROC 3 MP<\/li>\n<\/ol>\n<\/div>\n\n\n\n<div class=\"wp-block-column is-layout-flow wp-block-column-is-layout-flow\">\n<p class=\"wp-block-paragraph\"><em>2a divisi\u00f3<\/em><\/p>\n\n\n\n<ol class=\"wp-block-list\">\n<li class=\"has-medium-font-size\">BELLPUIG<\/li>\n\n\n\n<li class=\"has-medium-font-size\">CAN RAFEL PENEDES<\/li>\n\n\n\n<li class=\"has-medium-font-size\">EL VALLES 20<\/li>\n\n\n\n<li class=\"has-medium-font-size\">ORFEO CATALONIA<\/li>\n\n\n\n<li class=\"has-medium-font-size\">ROC 3 PROMESES<\/li>\n\n\n\n<li class=\"has-medium-font-size\">SENIOR OLIMPIC<\/li>\n<\/ol>\n<\/div>\n<\/div>\n\n\n\n<p class=\"wp-block-paragraph\">3a divisi\u00f3<\/p>\n\n\n\n<ol class=\"wp-block-list\">\n<li class=\"has-medium-font-size\">CAN CUYAS<\/li>\n\n\n\n<li class=\"has-medium-font-size\">CAN MASCARO A<\/li>\n\n\n\n<li class=\"has-medium-font-size\">CAN MASCARO B<\/li>\n\n\n\n<li class=\"has-medium-font-size\">MULLIGAN CAN RAFEL<\/li>\n\n\n\n<li class=\"has-medium-font-size\">P&amp;P BAGES<\/li>\n\n\n\n<li class=\"has-medium-font-size\">VOLA BOLA CAN CUYAS<\/li>\n<\/ol>\n\n\n\n<h2 class=\"wp-block-heading\">XV Ryder ASEP vs SEMAR<\/h2>\n\n\n\n<p class=\"wp-block-paragraph\">Despr\u00e9s de la de Vallromanes, toca al nostre territori i segons una rifa entre els dos camps que fins ara no si havia fet ninguna que eren Portal del Roc i Bellpuig.<\/p>\n\n\n\n<p class=\"wp-block-paragraph\">El paperet que va sortir es el de Bellpuig.<\/p>\n\n\n\n<p class=\"wp-block-paragraph\">L&#8217;Antonio va preparar l&#8217;equip segons els seu millor criteri i els d&#8217;ASEP vam guanyar per un total de 14 a 10 ( el individuals  vas ser 6,5 a 5,5 el FB 4 a 2 i el GS 3,5 a 2,5)<\/p>\n\n\n\n<p class=\"wp-block-paragraph\">La competici\u00f3 va ser molt interesant, per\u00f2 finalment els guanyadors vam ser<\/p>\n\n\n\n<h4 class=\"wp-block-heading has-text-align-center\"><strong>ASEP<\/strong><\/h4>\n\n\n\n<h2 class=\"wp-block-heading\">II Copa ASEP<\/h2>\n\n\n\n<p class=\"wp-block-paragraph\">Com diu el reglament, vam fer un concurs entre tots els cams de 18 de la nostra zona, von contestar 3, el Portal del Roc, El Vendrell i Bon\u00c0rea.<\/p>\n\n\n\n<p class=\"wp-block-paragraph\">Totes eren prou bones, de fet hagu\u00e9s estat dif\u00edcil triar-me una si no fos per que la de Bon\u00c0rea era la millor amb difer\u00e8ncia.<\/p>\n\n\n\n<p class=\"wp-block-paragraph\">El que no hav\u00edem considerat es la calor, aquest mes de juny del 2026, va batre tots els registres de 40\u00aa i mes. veint el panorama vam ajornar el partit per el proper 8 de setembre, la setmana immediatament anterior a comen\u00e7a el XX Intercamps SP i creuem els dit per que no ens passi el mateix!!!<\/p>\n\n\n\n<h4 class=\"wp-block-heading\"><em>Resultats i fotografies:<\/em><\/h4>\n\n\n\n<ul class=\"wp-block-list\">\n<li>A&nbsp; la pestanya \u201cEl que ja hem fet\u201d consultar \u201cHist\u00f2ric de resultats\u201d<\/li>\n\n\n\n<li>Les fotografies de la temporada les podeu veure clicant <a href=\"https:\/\/www.asep.cat\/index.php\/2025\/12\/23\/2025-26-temporada\/\">aqu\u00ed<\/a>.<\/li>\n<\/ul>\n","protected":false},"excerpt":{"rendered":"<p>Descripci\u00f3 de la temporada Definitivament no podem seguir amb pipcat, la p\u00e0gina s&#8217;ha bloquejat i no h ha manera de contactar amb en Xindes que es el seu creador. Cap dels inform\u00e0tics amb els que he contactat ha donat el menor s\u00edmptoma d&#8217;inter\u00e8s, i tant els companys del SEMAR con els del Pened\u00e8s, les seves [&hellip;]<\/p>\n","protected":false},"author":5,"featured_media":0,"parent":0,"menu_order":0,"comment_status":"closed","ping_status":"closed","template":"","meta":{"footnotes":""},"c2tw_page_folder":[137],"class_list":["post-19699","page","type-page","status-publish","hentry","c2tw_page_folder-un-cop-dull-al-passat"],"_links":{"self":[{"href":"https:\/\/www.asep.cat\/index.php\/wp-json\/wp\/v2\/pages\/19699","targetHints":{"allow":["GET"]}}],"collection":[{"href":"https:\/\/www.asep.cat\/index.php\/wp-json\/wp\/v2\/pages"}],"about":[{"href":"https:\/\/www.asep.cat\/index.php\/wp-json\/wp\/v2\/types\/page"}],"author":[{"embeddable":true,"href":"https:\/\/www.asep.cat\/index.php\/wp-json\/wp\/v2\/users\/5"}],"replies":[{"embeddable":true,"href":"https:\/\/www.asep.cat\/index.php\/wp-json\/wp\/v2\/comments?post=19699"}],"version-history":[{"count":8,"href":"https:\/\/www.asep.cat\/index.php\/wp-json\/wp\/v2\/pages\/19699\/revisions"}],"predecessor-version":[{"id":19714,"href":"https:\/\/www.asep.cat\/index.php\/wp-json\/wp\/v2\/pages\/19699\/revisions\/19714"}],"wp:attachment":[{"href":"https:\/\/www.asep.cat\/index.php\/wp-json\/wp\/v2\/media?parent=19699"}],"wp:term":[{"taxonomy":"c2tw_page_folder","embeddable":true,"href":"https:\/\/www.asep.cat\/index.php\/wp-json\/wp\/v2\/c2tw_page_folder?post=19699"}],"curies":[{"name":"wp","href":"https:\/\/api.w.org\/{rel}","templated":true}]}}