{"id":19659,"date":"2026-08-17T12:44:36","date_gmt":"2026-08-17T10:44:36","guid":{"rendered":"https:\/\/www.asep.cat\/?page_id=19659"},"modified":"2026-08-18T15:22:48","modified_gmt":"2026-08-18T13:22:48","slug":"temporada-2024-25","status":"publish","type":"page","link":"https:\/\/www.asep.cat\/index.php\/temporada-2024-25\/","title":{"rendered":"Temporada 2024-25"},"content":{"rendered":"\n<h2 class=\"wp-block-heading\">Descripci\u00f3 de la temporada.<\/h2>\n\n\n\n<p class=\"wp-block-paragraph\">Va haver una proposta per part d&#8217;algun camp, en el sentit jugar en un sol dia, les proves ens els camps de 9 forats.<\/p>\n\n\n\n<p class=\"wp-block-paragraph\">La posici\u00f3, per part dels jugadors, va ser ferma a no ajuntar-ho tot al dimarts comen\u00e7ant molt d\u2019hora al mat\u00ed i fent la segona sortida sobre les 12, no va semblar viable, la primera sortida tant d&#8217;hora, era molt dificultosa pels equips llunyans, sobre tot a l&#8217;hivern.<\/p>\n\n\n\n<p class=\"wp-block-paragraph\">Al plantejar-la nostra decisi\u00f3 als camps, tot i que la majoria estaven per l\u2019opci\u00f3 de fer-ho tot en un dia, van ser poc s\u00f2lits els arguments, per que justifiquessin el canvi.<\/p>\n\n\n\n<p class=\"wp-block-paragraph\">Sols el Vall\u00e8s, va adoptar una posici\u00f3 un tant intransigent i va estar a punt de deixar el circuit, per\u00f2 despr\u00e9s d&#8217;una reuni\u00f3 prou constructiva, va acceptar la nostra posici\u00f3.<\/p>\n\n\n\n<p class=\"wp-block-paragraph\">Tamb\u00e9 tenim una certa preocupaci\u00f3 amb la p\u00e0gina pipcat, comen\u00e7a a donar errors, molt a sovint les p\u00e0gines de noticies, desapareixen i sobre tot no accepta ni accents ni signes com la \u00ab\u00f1\u00bb dona errors.<\/p>\n\n\n\n<p class=\"wp-block-paragraph\">Comen\u00e7o a buscar alternatives i tot passa per contractar un servei de n\u00favol, un domini i el cost de construcci\u00f3 de la p\u00e0gina.<\/p>\n\n\n\n<p class=\"wp-block-paragraph\">A la passada reuni\u00f3 del Comit\u00e8 de S\u00e8niors, vam acceptar que els companys del SEMAR es fessin c\u00e0rreg de coordinar l&#8217;Intercamps Nord, en el que, b\u00e0sicament participen els camps de Girona, aix\u00f2 fa que de moment suspenem la prova de l&#8217;Interzones.<\/p>\n\n\n\n<p class=\"wp-block-paragraph\">Per no deixar el mes de juny vam decidir posar en marxa una nova competici\u00f3 pr\u00f2pia que la vam anomenar Copa ASEP i en guany far\u00edem la primera edici\u00f3.<\/p>\n\n\n\n<h2 class=\"wp-block-heading\">XVIII Intercamps SP<\/h2>\n\n\n\n<p class=\"wp-block-paragraph\">Aquesta temporada hem d&#8217;afegir un nou equip i passem a ser 31 equip.<\/p>\n\n\n\n<p class=\"wp-block-paragraph\">Els del Costa Daurada es desdoblaren i a partit d&#8217;ara hi haur\u00e0 els:<\/p>\n\n\n\n<ul class=\"wp-block-list\">\n<li>COSTA DAURADA A<\/li>\n\n\n\n<li>COSTA DAURADA B<\/li>\n<\/ul>\n\n\n\n<p class=\"wp-block-paragraph\">Com est\u00e0 escrit en el Regalament, el nou equip entra a la 3a divisi\u00f3 que es la que els correspon en funci\u00f3 de la mitjana dels seus HCP&#8217;s<\/p>\n\n\n\n<p class=\"wp-block-paragraph\">Les divisions de la XVI temporada va quedar aix\u00ed<\/p>\n\n\n\n<div class=\"wp-block-columns is-layout-flex wp-container-core-columns-is-layout-f56f613f wp-block-columns-is-layout-flex\">\n<div class=\"wp-block-column is-layout-flow wp-block-column-is-layout-flow\">\n<p class=\"wp-block-paragraph\"><em>1a divisi\u00f3<\/em><\/p>\n\n\n\n<ol class=\"wp-block-list\">\n<li class=\"has-medium-font-size\">CAMBRILS<\/li>\n\n\n\n<li class=\"has-medium-font-size\">CAN RAFEL PENEDES<\/li>\n\n\n\n<li class=\"has-medium-font-size\">CAN RAFEL SENIOR<\/li>\n\n\n\n<li class=\"has-medium-font-size\">COSTA DAURADA A<\/li>\n\n\n\n<li class=\"has-medium-font-size\">MULLIGAN CAN MASCARO<\/li>\n\n\n\n<li class=\"has-medium-font-size\">ORFEO CATALONIA<\/li>\n\n\n\n<li class=\"has-medium-font-size\">PORTAL DEL ROC<\/li>\n\n\n\n<li class=\"has-medium-font-size\">ROC 3 VERMELL<\/li>\n<\/ol>\n<\/div>\n\n\n\n<div class=\"wp-block-column is-layout-flow wp-block-column-is-layout-flow\">\n<p class=\"wp-block-paragraph\"><em>2a divisi\u00f3<\/em><\/p>\n\n\n\n<ul class=\"wp-block-list\">\n<li class=\"has-medium-font-size\">BELLPUIG<\/li>\n\n\n\n<li class=\"has-medium-font-size\">BONAREA A<\/li>\n\n\n\n<li class=\"has-medium-font-size\">EL VALLES A<\/li>\n\n\n\n<li class=\"has-medium-font-size\">MANRESA GOLF LA ROQUETA-OBRAMENT<\/li>\n\n\n\n<li class=\"has-medium-font-size\">ROC 3 APOLO<\/li>\n\n\n\n<li class=\"has-medium-font-size\">ROC 3 PROMESES<\/li>\n\n\n\n<li class=\"has-medium-font-size\">SENIORS COSTA DAURADA<\/li>\n\n\n\n<li class=\"has-medium-font-size\">VILAGOLF CAMBRILS<\/li>\n<\/ul>\n<\/div>\n<\/div>\n\n\n\n<div class=\"wp-block-columns is-layout-flex wp-container-core-columns-is-layout-f56f613f wp-block-columns-is-layout-flex\">\n<div class=\"wp-block-column is-layout-flow wp-block-column-is-layout-flow\">\n<p class=\"wp-block-paragraph\"><em>3a divisi\u00f3<\/em><\/p>\n\n\n\n<ol class=\"wp-block-list\">\n<li>CAN CUYAS<\/li>\n\n\n\n<li>CAN MASCARO A<\/li>\n\n\n\n<li>CAN RAFEL NOU<\/li>\n\n\n\n<li>COSTA DAURADA B<\/li>\n\n\n\n<li>EL VALLES B<\/li>\n\n\n\n<li>EL VENDRELL B<\/li>\n\n\n\n<li>LLEIDA TORRESERONA<\/li>\n\n\n\n<li>ROC 3 CAT<\/li>\n<\/ol>\n<\/div>\n\n\n\n<div class=\"wp-block-column is-layout-flow wp-block-column-is-layout-flow\">\n<p class=\"wp-block-paragraph\"><em>4a divisi\u00f3<\/em><\/p>\n\n\n\n<ol class=\"wp-block-list\">\n<li>BONAREA B<\/li>\n\n\n\n<li>CAN MASCARO B<\/li>\n\n\n\n<li>EL VENDRELL A<\/li>\n\n\n\n<li>MULLIGAN CAN RAFEL<\/li>\n\n\n\n<li>P&amp;P BAGES<\/li>\n\n\n\n<li>SENIOR OLIMPICs<\/li>\n\n\n\n<li>VOLA BOLA CAN CUYAS<\/li>\n<\/ol>\n<\/div>\n<\/div>\n\n\n\n<h2 class=\"wp-block-heading\">X Intercamps MP<\/h2>\n\n\n\n<p class=\"wp-block-paragraph\">Cap moviment d&#8217;equips, som el mateixos del any passat, amb el canvis tradicional de pujades i baixades de categories i mantenim les 3 divisions de sempre<\/p>\n\n\n\n<p class=\"wp-block-paragraph\">Els equips d&#8217;aquesta temporada van ser:<\/p>\n\n\n\n<div class=\"wp-block-columns is-layout-flex wp-container-core-columns-is-layout-f56f613f wp-block-columns-is-layout-flex\">\n<div class=\"wp-block-column is-layout-flow wp-block-column-is-layout-flow\">\n<p class=\"wp-block-paragraph\"><em>1a divisi\u00f3<\/em><\/p>\n\n\n\n<ol class=\"wp-block-list\">\n<li class=\"has-medium-font-size\">CAN RAFEL SENIOR<\/li>\n\n\n\n<li class=\"has-medium-font-size\">EL VALLES A<\/li>\n\n\n\n<li class=\"has-medium-font-size\">MANRESA GOLF LA ROQUETA<\/li>\n\n\n\n<li class=\"has-medium-font-size\">MULLIGAN CAN MASCARO<\/li>\n\n\n\n<li class=\"has-medium-font-size\">ORFEO CATALONIA<\/li>\n\n\n\n<li class=\"has-medium-font-size\">PORTAL DEL ROC<\/li>\n\n\n\n<li class=\"has-medium-font-size\">ROC 3 PROMESES<\/li>\n<\/ol>\n<\/div>\n\n\n\n<div class=\"wp-block-column is-layout-flow wp-block-column-is-layout-flow\">\n<p class=\"wp-block-paragraph\"><em>2a divisi\u00f3<\/em><\/p>\n\n\n\n<ol class=\"wp-block-list\">\n<li class=\"has-medium-font-size\">BELLPUIG<\/li>\n\n\n\n<li class=\"has-medium-font-size\">CAN CUYAS<\/li>\n\n\n\n<li class=\"has-medium-font-size\">CAN MASCARO B<\/li>\n\n\n\n<li class=\"has-medium-font-size\">CAN RAFEL NOU<\/li>\n\n\n\n<li class=\"has-medium-font-size\">CAN RAFEL PENEDES<\/li>\n\n\n\n<li class=\"has-medium-font-size\">ROC 3 MP<\/li>\n<\/ol>\n<\/div>\n<\/div>\n\n\n\n<div class=\"wp-block-columns is-layout-flex wp-container-core-columns-is-layout-f56f613f wp-block-columns-is-layout-flex\">\n<div class=\"wp-block-column is-layout-flow wp-block-column-is-layout-flow\">\n<p class=\"wp-block-paragraph\"><em>3a divisi\u00f3<\/em><\/p>\n\n\n\n<ol class=\"wp-block-list\">\n<li class=\"has-medium-font-size\">CAN MASCARO A<\/li>\n\n\n\n<li class=\"has-medium-font-size\">EL VALLES B<\/li>\n\n\n\n<li class=\"has-medium-font-size\">MULLIGAN CAN RAFEL<\/li>\n\n\n\n<li class=\"has-medium-font-size\">P&amp;P BAGES OLLER DEL MAS<\/li>\n\n\n\n<li class=\"has-medium-font-size\">SENIOR OLIMPIC<\/li>\n\n\n\n<li class=\"has-medium-font-size\">VOLA BOLA CAN CUYAS<\/li>\n<\/ol>\n<\/div>\n<\/div>\n\n\n\n<h2 class=\"wp-block-heading\">XIV Ryder ASEP vs SEMAR<\/h2>\n\n\n\n<p class=\"wp-block-paragraph\">Seguin la alternan\u00e7a de zones, enguany toca a territori del SEMAR, concretament al camp de Vallromanes.<\/p>\n\n\n\n<p class=\"wp-block-paragraph\">I, oh sorpresa! mai ens havia passat, UN EMPAT! es a dir, no vam guanyar nosaltres, per\u00f2 tampoc ells, i segons la normativa de la competici\u00f3, la copa la reten el campi\u00f3 anterior, que \u00e9rem nosaltres.<\/p>\n\n\n\n<p class=\"wp-block-paragraph\">L&#8217;Antonio tot cofoi es va emportar novament la \u00abGerra de Claret\u00bb veurem la temporada que ve a casa, si som capa\u00e7os de guanyar-la novament<\/p>\n\n\n\n<h2 class=\"wp-block-heading\">I Copa ASEP<\/h2>\n\n\n\n<p class=\"wp-block-paragraph\">Enguany, davant de l&#8217;abs\u00e8ncia de l&#8217;Interzones, comencem amb aquesta competici\u00f3, es tracta d&#8217;enfrontar els dos primers classificats de cada divisi\u00f3 entra ells, podeu veure el reglament a la pestanya de Reglaments.<\/p>\n\n\n\n<p class=\"wp-block-paragraph\">Amb aquesta competici\u00f3 busquem una mica l&#8217;esperit del inici i fer que gent de diferents nivells, un dia al any ens ajuntem tots.<\/p>\n\n\n\n<p class=\"wp-block-paragraph\">Enguany el  camp escollit va ser <strong>Oller del Mas<\/strong> i els equips\/participants han estat:<\/p>\n\n\n\n<p class=\"wp-block-paragraph\">1a divisi\u00f3: <strong>ROC3 VERMELL vs PORTAL DEL ROC<\/strong><\/p>\n\n\n\n<h4 class=\"wp-block-heading has-text-align-center\">Guanyador: <strong>PORTAL DEL ROC<\/strong><\/h4>\n\n\n\n<p class=\"wp-block-paragraph\">2a Divisi\u00f3: <strong>MANRESA GOLF LA ROQUETA vs BONAREA A<\/strong><\/p>\n\n\n\n<h4 class=\"wp-block-heading has-text-align-center\">Guanyador: el <strong>MANRESA GOLF LA ROQUETA<\/strong><\/h4>\n\n\n\n<p class=\"wp-block-paragraph\">3A Divisi\u00f3:<strong>LLEIDA TORRESERONA vs ROC3 CAT<\/strong><\/p>\n\n\n\n<h4 class=\"wp-block-heading has-text-align-center\">Guanyador: <strong>LLEIDA TORRE-SERONA<\/strong><\/h4>\n\n\n\n<p class=\"wp-block-paragraph\">4a Divisi\u00f3: <strong>CAN MASCARO B vs SENIOR OLIMPIC<\/strong><\/p>\n\n\n\n<h4 class=\"wp-block-heading has-text-align-center\">Guanyador: <strong>CAN MASCAR\u00d3 B<\/strong><\/h4>\n\n\n\n<h4 class=\"wp-block-heading\"><em>Resultats i fotografies:<\/em><\/h4>\n\n\n\n<ul class=\"wp-block-list\">\n<li>A&nbsp; la pestanya \u201cEl que ja hem fet\u201d consultar \u201cHist\u00f2ric de resultats\u201d<\/li>\n\n\n\n<li>Les fotografies de la temporada les podeu veure clicant <a href=\"https:\/\/www.asep.cat\/index.php\/2025\/12\/23\/temporada-2024-25\/\">aqu\u00ed<\/a>. <\/li>\n<\/ul>\n","protected":false},"excerpt":{"rendered":"<p>Descripci\u00f3 de la temporada. Va haver una proposta per part d&#8217;algun camp, en el sentit jugar en un sol dia, les proves ens els camps de 9 forats. La posici\u00f3, per part dels jugadors, va ser ferma a no ajuntar-ho tot al dimarts comen\u00e7ant molt d\u2019hora al mat\u00ed i fent la segona sortida sobre les [&hellip;]<\/p>\n","protected":false},"author":5,"featured_media":0,"parent":0,"menu_order":0,"comment_status":"closed","ping_status":"closed","template":"","meta":{"footnotes":""},"c2tw_page_folder":[137],"class_list":["post-19659","page","type-page","status-publish","hentry","c2tw_page_folder-un-cop-dull-al-passat"],"_links":{"self":[{"href":"https:\/\/www.asep.cat\/index.php\/wp-json\/wp\/v2\/pages\/19659","targetHints":{"allow":["GET"]}}],"collection":[{"href":"https:\/\/www.asep.cat\/index.php\/wp-json\/wp\/v2\/pages"}],"about":[{"href":"https:\/\/www.asep.cat\/index.php\/wp-json\/wp\/v2\/types\/page"}],"author":[{"embeddable":true,"href":"https:\/\/www.asep.cat\/index.php\/wp-json\/wp\/v2\/users\/5"}],"replies":[{"embeddable":true,"href":"https:\/\/www.asep.cat\/index.php\/wp-json\/wp\/v2\/comments?post=19659"}],"version-history":[{"count":17,"href":"https:\/\/www.asep.cat\/index.php\/wp-json\/wp\/v2\/pages\/19659\/revisions"}],"predecessor-version":[{"id":19710,"href":"https:\/\/www.asep.cat\/index.php\/wp-json\/wp\/v2\/pages\/19659\/revisions\/19710"}],"wp:attachment":[{"href":"https:\/\/www.asep.cat\/index.php\/wp-json\/wp\/v2\/media?parent=19659"}],"wp:term":[{"taxonomy":"c2tw_page_folder","embeddable":true,"href":"https:\/\/www.asep.cat\/index.php\/wp-json\/wp\/v2\/c2tw_page_folder?post=19659"}],"curies":[{"name":"wp","href":"https:\/\/api.w.org\/{rel}","templated":true}]}}