{"id":19652,"date":"2026-08-17T10:33:25","date_gmt":"2026-08-17T08:33:25","guid":{"rendered":"https:\/\/www.asep.cat\/?page_id=19652"},"modified":"2026-08-17T11:42:08","modified_gmt":"2026-08-17T09:42:08","slug":"temporada-2023-24","status":"publish","type":"page","link":"https:\/\/www.asep.cat\/index.php\/temporada-2023-24\/","title":{"rendered":"Temporada 2023-24"},"content":{"rendered":"\n<h2 class=\"wp-block-heading\">Descripci\u00f3 de la temporada<\/h2>\n\n\n\n<p class=\"wp-block-paragraph\">Despr\u00e9s d\u2019aquest anys en que ens hem anat readaptant a les velles costums d\u2019abans del COVID que ens van funcionar tant be, l\u2019\u00fanica proposici\u00f3 de la temporada passada pendent de resoldre i que tenia per objectiu, estalviar llargs despla\u00e7aments, era canviar el criteri de la formaci\u00f3 de les divisions, en lloc de fer-les per nivell de joc, canviar i fer-les per distribuci\u00f3 geogr\u00e0fica.<\/p>\n\n\n\n<p class=\"wp-block-paragraph\">En Josep Segura va presentar una divisi\u00f3 en la que a grans tretes, agrupava els equips de les prov\u00edncies de Tarragona, Lleida i alguns de Barcelona en dues divisions i la resta, els de Barcelona centre, en dues mes.<\/p>\n\n\n\n<p class=\"wp-block-paragraph\">L\u2019estalvi en kil\u00f2metres era verdaderament important, en dades aproximades, actualment entre tots els equips, estem fent uns 26.500 Km per temporada i amb la nova distribuci\u00f3, la cosa quedaria amb uns 17.300 Km, es a dir un estalvi d\u2019uns 9.200 Km per temporada.<\/p>\n\n\n\n<p class=\"wp-block-paragraph\">Aquest estalvi repartit per els 30 equips que som, es queda amb uns 300 Km per equip\/temporada que si ho repartim amb els 8 partits que fem amb tota la temporada, l\u2019estalvi mitj\u00e0 per jornada es d\u2019uns 38 Km per equip.<\/p>\n\n\n\n<p class=\"wp-block-paragraph\">Els arguments eren de pes per el que fa l\u2019estalvi,&nbsp; per\u00f2 per altre banda, hi havia algun equip de Barcelona, que es negava a que l\u2019integr\u00e9ssim a la zona sud oest i renunci\u00e0 a visitar camps del centre, altres, com els de Lleida, no veien la avantatge d\u2019haver d\u2019anar a Tarragona en lloc de Barcelona i sobre tot l\u2019argument que mes va pesar, es el risc d\u2019endog\u00e0mia, es a dir, que sempre, temporada a temporada, les divisions estiguessin formades per els mateixos equips i entr\u00e9ssim en una falta d\u2019al\u00b7licient competitiu.<\/p>\n\n\n\n<p class=\"wp-block-paragraph\">Es a dir, barrejar\u00edem equips amb un alt nivell de joc, amb equips que no tindrien el nivell suficient per competir amb ells de fit a fit, aix\u00f2 en opini\u00f3 quasi tots, podria portar l\u2019Intercamps, a mena de passatemps en els que sempre guanyarien els mateixos i progressivament a la falta d\u2019inter\u00e8s competitiu.<\/p>\n\n\n\n<p class=\"wp-block-paragraph\">En definitiva, van pesar mes les objeccions que la necessitat del estalvi de kil\u00f2metres\/cotxes i v\u00e0rem deixar les coses com han estat sempre.<\/p>\n\n\n\n<p class=\"wp-block-paragraph\">Un altre aspecte que v\u00e0rem tenir que regular van ser les avantatges que tenim els membres del circuit Intercamps amb targeta, algun camp s\u2019ha queixat de que se\u2019ls han presentat jugadors portadors del carnet acreditatiu i que el mateix jugador, es definia com a no jugador de P&amp;P si no que una vegada va participar en alguna jornada Intercamps i per aquesta ra\u00f3 tenia el carnet.<\/p>\n\n\n\n<p class=\"wp-block-paragraph\">L\u2019exist\u00e8ncia d\u2019aquesta targeta es una entesa estre camps i nosaltres i un ab\u00fas, \u00f2bviament ens pot portar a que es trenqui aquesta col\u00b7laboraci\u00f3 que tant va costar negociar.<\/p>\n\n\n\n<p class=\"wp-block-paragraph\">Es per quest motiu que hem d\u2019evitat que ens porti problemes de credibilitat, per evitar-ho v\u00e0rem decidir que far\u00edem una llista on figurarien els jugadors verdaderament actius, es a dir, que la temporada anterior haguessin jugat un m\u00ednim de 2 partits i, com a concessi\u00f3 especial, als jugadors de mes de 80 anys i que abans haguessin participat durant uns anys, quedaven dispensats d&#8217;aquesta norma.<\/p>\n\n\n\n<p class=\"wp-block-paragraph\">Aquesta llista la tindr\u00edem \u201cpenjada\u201d al nostre web de forma que tots els camps puguin comprovar si el portador del carnet es realment un jugador en actiu.<\/p>\n\n\n\n<h2 class=\"wp-block-heading\">XVII Intercamps SP<\/h2>\n\n\n\n<p class=\"wp-block-paragraph\">Seguim sense masses novetats amb l\u2019Intercamps SP, enguany, com l\u2019any passat, amb 30 equips, distribu\u00efts amb 4 divisions, 1a i 2a amb 8 equips i 3a i 4a amb 7 equips.<\/p>\n\n\n\n<p class=\"wp-block-paragraph\">El n\u00famero d\u2019equips es mant\u00e9, les variacions van ser:<\/p>\n\n\n\n<ul class=\"wp-block-list\">\n<li>Entre CAN RAFEL NOU<\/li>\n\n\n\n<li>Marxa TARRACO P&amp;P CAMBRILS<\/li>\n<\/ul>\n\n\n\n<h4 class=\"wp-block-heading\">Els equips participants en la XVII temporada:<\/h4>\n\n\n\n<div class=\"wp-block-columns is-layout-flex wp-container-core-columns-is-layout-f56f613f wp-block-columns-is-layout-flex\">\n<div class=\"wp-block-column is-layout-flow wp-block-column-is-layout-flow\">\n<p class=\"wp-block-paragraph\">1a divsi\u00f3<\/p>\n\n\n\n<ol class=\"wp-block-list\">\n<li class=\"has-medium-font-size\">CAMBRILS<\/li>\n\n\n\n<li class=\"has-medium-font-size\">CAN RAFEL SENIOR<\/li>\n\n\n\n<li class=\"has-medium-font-size\">COSTA DAURADA<\/li>\n\n\n\n<li class=\"has-medium-font-size\">EL VALLES A<\/li>\n\n\n\n<li class=\"has-medium-font-size\">MANRESA SAVA<\/li>\n\n\n\n<li class=\"has-medium-font-size\">MULLIGAN CAN MASCARO<\/li>\n\n\n\n<li class=\"has-medium-font-size\">PORTAL DEL ROC<\/li>\n\n\n\n<li class=\"has-medium-font-size\">ROC 3 VERMELL<\/li>\n<\/ol>\n<\/div>\n\n\n\n<div class=\"wp-block-column is-layout-flow wp-block-column-is-layout-flow\">\n<p class=\"wp-block-paragraph\">2a divisi\u00f3<\/p>\n\n\n\n<ol class=\"wp-block-list\">\n<li class=\"has-medium-font-size\">BONAREA A<\/li>\n\n\n\n<li class=\"has-medium-font-size\">CAN MASCARO A<\/li>\n\n\n\n<li class=\"has-medium-font-size\">CAN RAFEL PENEDES<\/li>\n\n\n\n<li class=\"has-medium-font-size\">ORFEO CATALONIA<\/li>\n\n\n\n<li class=\"has-medium-font-size\">ROC 3 APOLO<\/li>\n\n\n\n<li class=\"has-medium-font-size\">ROC 3 CAT<\/li>\n\n\n\n<li class=\"has-medium-font-size\">ROC 3 PROMESES<\/li>\n\n\n\n<li class=\"has-medium-font-size\">SENIORS COSTA DAURADA<\/li>\n<\/ol>\n<\/div>\n<\/div>\n\n\n\n<div class=\"wp-block-columns is-layout-flex wp-container-core-columns-is-layout-f56f613f wp-block-columns-is-layout-flex\">\n<div class=\"wp-block-column is-layout-flow wp-block-column-is-layout-flow\">\n<p class=\"wp-block-paragraph\">3a divisi\u00f3<\/p>\n\n\n\n<ol class=\"wp-block-list\">\n<li class=\"has-medium-font-size\">BELLPUIG<\/li>\n\n\n\n<li class=\"has-medium-font-size\">CAN CUYAS<\/li>\n\n\n\n<li class=\"has-medium-font-size\">EL VENDRELL A<\/li>\n\n\n\n<li class=\"has-medium-font-size\">EL VENDRELL B<\/li>\n\n\n\n<li class=\"has-medium-font-size\">LLEIDA TORRE-SERONA<\/li>\n\n\n\n<li class=\"has-medium-font-size\">SENIOR OLIMPYCS<\/li>\n\n\n\n<li class=\"has-medium-font-size\">VILAGOLF CAMBRILS<\/li>\n<\/ol>\n<\/div>\n\n\n\n<div class=\"wp-block-column is-layout-flow wp-block-column-is-layout-flow\">\n<p class=\"wp-block-paragraph\">4a divisi\u00f3<\/p>\n\n\n\n<ol class=\"wp-block-list\">\n<li class=\"has-medium-font-size\">BONAREA B<\/li>\n\n\n\n<li class=\"has-medium-font-size\">CAN MASCARO B<\/li>\n\n\n\n<li class=\"has-medium-font-size\">CAN RAFEL NOU<\/li>\n\n\n\n<li class=\"has-medium-font-size\">EL VALLES B<\/li>\n\n\n\n<li class=\"has-medium-font-size\">MULLIGAN CAN RAFEL<\/li>\n\n\n\n<li class=\"has-medium-font-size\">P&amp;P BAGES<\/li>\n\n\n\n<li class=\"has-medium-font-size\">VOLA BOLA CAN CUYAS<\/li>\n<\/ol>\n<\/div>\n<\/div>\n\n\n\n<h2 class=\"wp-block-heading\">IX Intercamps MP<\/h2>\n\n\n\n<p class=\"wp-block-paragraph\">Tamb\u00e9 a aquest circuit hi han hagut canvis, dos equips van fer baixa i dos van comen\u00e7ar de nou, es a dir, que el n\u00famero continua sent el mateix, aix\u00ed continuem amb 21 equips 7 a primera divisi\u00f3 i 6 a 2a i 3a, el moviment van ser aquest:<\/p>\n\n\n\n<ul class=\"wp-block-list\">\n<li>Entra CAN RAFEL NOU<\/li>\n\n\n\n<li>Entra S\u00c8NIOR OL\u00cdMPICS<\/li>\n\n\n\n<li>Surt LLEIDA TORRE-SERONA<\/li>\n\n\n\n<li>Surt TARRACO P&amp;P CAMBRILS<\/li>\n<\/ul>\n\n\n\n<div class=\"wp-block-columns is-layout-flex wp-container-core-columns-is-layout-f56f613f wp-block-columns-is-layout-flex\">\n<div class=\"wp-block-column is-layout-flow wp-block-column-is-layout-flow\">\n<p class=\"wp-block-paragraph\">1a divisi\u00f3<\/p>\n\n\n\n<ol class=\"wp-block-list\">\n<li class=\"has-medium-font-size\">CAN RAFEL PENEDES<\/li>\n\n\n\n<li class=\"has-medium-font-size\">CAN RAFEL SENIORS<\/li>\n\n\n\n<li class=\"has-medium-font-size\">EL VALLES A<\/li>\n\n\n\n<li class=\"has-medium-font-size\">MULLIGAN CAN MASCARO<\/li>\n\n\n\n<li class=\"has-medium-font-size\">PORTAL DEL ROC<\/li>\n\n\n\n<li class=\"has-medium-font-size\">ROC 3 MP<\/li>\n\n\n\n<li class=\"has-medium-font-size\">ROC 3 PROMESES<\/li>\n<\/ol>\n<\/div>\n\n\n\n<div class=\"wp-block-column is-layout-flow wp-block-column-is-layout-flow\">\n<p class=\"wp-block-paragraph\">2a divisi\u00f3<\/p>\n\n\n\n<ol class=\"wp-block-list\">\n<li class=\"has-medium-font-size\">BELLPUIG<\/li>\n\n\n\n<li class=\"has-medium-font-size\">CAN CUYAS<\/li>\n\n\n\n<li class=\"has-medium-font-size\">CAN MASCARO A<\/li>\n\n\n\n<li class=\"has-medium-font-size\">MANRESA SAVA<\/li>\n\n\n\n<li class=\"has-medium-font-size\">ORFEO CATALONIA<\/li>\n\n\n\n<li class=\"has-medium-font-size\">P&amp;P BAGES<\/li>\n<\/ol>\n<\/div>\n<\/div>\n\n\n\n<div class=\"wp-block-columns is-layout-flex wp-container-core-columns-is-layout-f56f613f wp-block-columns-is-layout-flex\">\n<div class=\"wp-block-column is-layout-flow wp-block-column-is-layout-flow\">\n<p class=\"wp-block-paragraph\">3a divisi\u00f3<\/p>\n\n\n\n<ol class=\"wp-block-list\">\n<li class=\"has-medium-font-size\">CAN MASCARO B<\/li>\n\n\n\n<li class=\"has-medium-font-size\">CAN RAFEL NOU<\/li>\n\n\n\n<li class=\"has-medium-font-size\">EL VALLES B<\/li>\n\n\n\n<li class=\"has-medium-font-size\">MULLIGAN CAN RAFEL<\/li>\n\n\n\n<li class=\"has-medium-font-size\">S\u00c8NIOR OL\u00cdMPICS<\/li>\n\n\n\n<li class=\"has-medium-font-size\">VOLA BOLA CAN CUYAS<\/li>\n<\/ol>\n<\/div>\n\n\n\n<div class=\"wp-block-column is-layout-flow wp-block-column-is-layout-flow\"><\/div>\n<\/div>\n\n\n\n<h2 class=\"wp-block-heading\">Interzones<\/h2>\n\n\n\n<p class=\"wp-block-paragraph\">Per el que fa a aquesta prova, degut a la sobre carga de partits que els companys del SEMAR estan tenint, decidim suspendre-la sine die, aix\u00ed que deixem tant sols la Ryder com a \u00fanica prova conjunta.<\/p>\n\n\n\n<h2 class=\"wp-block-heading\">XIII Ryder ASEP vs SEMAR<\/h2>\n\n\n\n<p class=\"wp-block-paragraph\">Enguany la Ryder toca a territori nostre i com l\u2019any passat\u00a0 l\u2019\u00c1ntonio Garcia \u00c1vila, que ja va ser el capit\u00e0, enguany segueix i tindr\u00e0 lloc a Can Mascar\u00f3, tal i com s&#8217;havia acordat i que a mes, es el seu camp habitual, on coneix molt millor que ning\u00fa, el potencial dels jugadors locals i els del entorn.<\/p>\n\n\n\n<p class=\"wp-block-paragraph\">Forma un equip de lo mes heterogeni, amb jugadors de molts equips, basant-se amb la voluntat de participar i avaluant els resultats que cada un d\u2019ells ha tingut durant la temporada.<\/p>\n\n\n\n<p class=\"wp-block-paragraph\">El resultat de una feina tant ben feta, com no podia ser d\u2019un altre manera, acab\u00e0 amb una vict\u00f2ria absoluta per part del nostre equip, aix\u00ed que el guanyador d\u2019aquesta XIII edici\u00f3 va ser:<\/p>\n\n\n\n<h4 class=\"wp-block-heading has-text-align-center\"><strong>ASEP<\/strong><\/h4>\n\n\n\n<h4 class=\"wp-block-heading\">Resultats i fotografies:<\/h4>\n\n\n\n<ul class=\"wp-block-list\">\n<li>A&nbsp; la pestanya \u201cEl que ja hem fet\u201d consultar \u201cHist\u00f2ric de resultats\u201d<\/li>\n\n\n\n<li>Les fotografies de la temporada les podeu veure clicant <a href=\"https:\/\/www.asep.cat\/index.php\/2025\/12\/24\/temporada-2023-24\/\">aqu\u00ed<\/a>.<\/li>\n<\/ul>\n","protected":false},"excerpt":{"rendered":"<p>Descripci\u00f3 de la temporada Despr\u00e9s d\u2019aquest anys en que ens hem anat readaptant a les velles costums d\u2019abans del COVID que ens van funcionar tant be, l\u2019\u00fanica proposici\u00f3 de la temporada passada pendent de resoldre i que tenia per objectiu, estalviar llargs despla\u00e7aments, era canviar el criteri de la formaci\u00f3 de les divisions, en lloc [&hellip;]<\/p>\n","protected":false},"author":5,"featured_media":0,"parent":0,"menu_order":0,"comment_status":"closed","ping_status":"closed","template":"","meta":{"footnotes":""},"c2tw_page_folder":[137],"class_list":["post-19652","page","type-page","status-publish","hentry","c2tw_page_folder-un-cop-dull-al-passat"],"_links":{"self":[{"href":"https:\/\/www.asep.cat\/index.php\/wp-json\/wp\/v2\/pages\/19652","targetHints":{"allow":["GET"]}}],"collection":[{"href":"https:\/\/www.asep.cat\/index.php\/wp-json\/wp\/v2\/pages"}],"about":[{"href":"https:\/\/www.asep.cat\/index.php\/wp-json\/wp\/v2\/types\/page"}],"author":[{"embeddable":true,"href":"https:\/\/www.asep.cat\/index.php\/wp-json\/wp\/v2\/users\/5"}],"replies":[{"embeddable":true,"href":"https:\/\/www.asep.cat\/index.php\/wp-json\/wp\/v2\/comments?post=19652"}],"version-history":[{"count":4,"href":"https:\/\/www.asep.cat\/index.php\/wp-json\/wp\/v2\/pages\/19652\/revisions"}],"predecessor-version":[{"id":19658,"href":"https:\/\/www.asep.cat\/index.php\/wp-json\/wp\/v2\/pages\/19652\/revisions\/19658"}],"wp:attachment":[{"href":"https:\/\/www.asep.cat\/index.php\/wp-json\/wp\/v2\/media?parent=19652"}],"wp:term":[{"taxonomy":"c2tw_page_folder","embeddable":true,"href":"https:\/\/www.asep.cat\/index.php\/wp-json\/wp\/v2\/c2tw_page_folder?post=19652"}],"curies":[{"name":"wp","href":"https:\/\/api.w.org\/{rel}","templated":true}]}}