{"id":19597,"date":"2026-08-16T10:26:12","date_gmt":"2026-08-16T08:26:12","guid":{"rendered":"https:\/\/www.asep.cat\/?page_id=19597"},"modified":"2026-08-17T10:29:54","modified_gmt":"2026-08-17T08:29:54","slug":"temporada-2022-23","status":"publish","type":"page","link":"https:\/\/www.asep.cat\/index.php\/temporada-2022-23\/","title":{"rendered":"Temporada 2022-23"},"content":{"rendered":"\n<h2 class=\"wp-block-heading\">Descripci\u00f3 de la temporada<\/h2>\n\n\n\n<p class=\"wp-block-paragraph\">Quan vaig fer la revista del resums dels primers 15 anys del Intercamps, de fet la idea era, de que alg\u00fa ofer\u00eds relleu a la direcci\u00f3 del circuit, vaig donar veus i tamb\u00e9 a la reuni\u00f3 de capitans, vaig plantejar la q\u00fcesti\u00f3, res, ning\u00fa va donar el pas endavant per fer-se\u2019n c\u00e0rrec, aix\u00ed que vaig decidir que per el moment continuaria amb aquesta tasca, diguem-ne que me la vaig prendre com una ONG personal, per\u00f2 jo ja tinc una edat, en la que qualsevol cosa pot passar.<\/p>\n\n\n\n<p class=\"wp-block-paragraph\">En previsi\u00f3 d\u2019aix\u00f2, vaig parlar amb la FCPP, els vaig exposar el problema i em van assegurar de que si jo decid\u00eds o hagu\u00e9s de deixar-ho i no hi hagu\u00e9s cap voluntari per seguir amb la labor, ells se\u2019n farien responsables per a continuar amb l\u2019Intercamps.<\/p>\n\n\n\n<h2 class=\"wp-block-heading\">XV Intercamps SP<\/h2>\n\n\n\n<p class=\"wp-block-paragraph\">Punt i seguit, ja som a la quinzena temporada del Intercamps SP que de fet es la competici\u00f3 on vam n\u00e9ixer i que continua sent la nostre principal activitat.<\/p>\n\n\n\n<p class=\"wp-block-paragraph\">Com ja hem dit anteriorment aquesta ser\u00e0 una temporada un tant densa, es tracta de recuperar la cad\u00e8ncia del \u201ccalendari escolar\u201d que en tots els sentits, tant be ens havia anat en el passat i que els companys del SEMAR ja hi havia tornat.<\/p>\n\n\n\n<p class=\"wp-block-paragraph\">Aix\u00ed que comencem temporada al novembre per acabar al juny i deixem l\u2019Interzones per el setembre i amb aix\u00f2, ens tornem a sincronitzar totalment amb ells.<\/p>\n\n\n\n<p class=\"wp-block-paragraph\">A la reuni\u00f3 de capitans v\u00e0rem tractar temes ordinaris, per\u00f2 pot ser que el mes important fos el suggeriment d\u2019un canvi estructural del circuit, va ser a proposta d\u2019en Josep Segura, on amb la finalitat d\u2019estalviar kil\u00f2metres, riscos i conseq\u00fcentment estalvi a la carretera, va plantejar que la distribuci\u00f3 de les divisions, fos amb criteris geogr\u00e0fics, en lloc del nivell de joc, tal i com ho ven\u00edem fent fins ara.<\/p>\n\n\n\n<p class=\"wp-block-paragraph\">Vam demanar-l\u2019hi que fes una proposici\u00f3 en detall, que la passes als capitans i a la propera reuni\u00f3, al planejar la temporada 2023-24, decidir\u00edem si ho pos\u00e0vem en pr\u00e0ctica o no.<\/p>\n\n\n\n<p class=\"wp-block-paragraph\">Aquesta temporada ja ens posem amb 30 equips, el balan\u00e7 es:<\/p>\n\n\n\n<ul class=\"wp-block-list\">\n<li>ORFEO CATALONIA entra definitivament<\/li>\n\n\n\n<li>VILAGOLF CAMBRILS torna a entrar<\/li>\n\n\n\n<li>MONTJU\u00cdC CAN MASCAR\u00d3 marxa del circuit<\/li>\n<\/ul>\n\n\n\n<h4 class=\"wp-block-heading\">Els equips de la XVI temporada, van ser:<\/h4>\n\n\n\n<div class=\"wp-block-columns is-layout-flex wp-container-core-columns-is-layout-f56f613f wp-block-columns-is-layout-flex\">\n<div class=\"wp-block-column is-layout-flow wp-block-column-is-layout-flow\">\n<p class=\"wp-block-paragraph\"><em>1a divisi\u00f3<\/em><\/p>\n\n\n\n<ol class=\"wp-block-list\">\n<li class=\"has-medium-font-size\">CAN RAFEL PENEDES<\/li>\n\n\n\n<li class=\"has-medium-font-size\">CAN RAFEL SENIORS<\/li>\n\n\n\n<li class=\"has-medium-font-size\">COSTA DAURADA<\/li>\n\n\n\n<li class=\"has-medium-font-size\">MANRESA SAVA<\/li>\n\n\n\n<li class=\"has-medium-font-size\">M\u00faLLIGAN CAN  MASCAR\u00d3<\/li>\n\n\n\n<li class=\"has-medium-font-size\">PORTAL DEL ROC<\/li>\n\n\n\n<li class=\"has-medium-font-size\">ROC3 BLAU<\/li>\n\n\n\n<li class=\"has-medium-font-size\">ROC3 VERMELL<\/li>\n<\/ol>\n<\/div>\n\n\n\n<div class=\"wp-block-column is-layout-flow wp-block-column-is-layout-flow\">\n<p class=\"wp-block-paragraph\"><em>2a divisi\u00f3<\/em><\/p>\n\n\n\n<ol class=\"wp-block-list\">\n<li class=\"has-medium-font-size\">BON\u00c0REA A<\/li>\n\n\n\n<li class=\"has-medium-font-size\">CAMBRILS<\/li>\n\n\n\n<li class=\"has-medium-font-size\">CAN CUYAS<\/li>\n\n\n\n<li class=\"has-medium-font-size\">EL VALLES A<\/li>\n\n\n\n<li class=\"has-medium-font-size\">LLEIDA TORRE-SERONA<\/li>\n\n\n\n<li class=\"has-medium-font-size\">ROC3 CAT<\/li>\n\n\n\n<li class=\"has-medium-font-size\">ROC3 PROMESES<\/li>\n\n\n\n<li class=\"has-medium-font-size\">S\u00c8NIORS COSTA DAURADA<\/li>\n<\/ol>\n<\/div>\n<\/div>\n\n\n\n<div class=\"wp-block-columns is-layout-flex wp-container-core-columns-is-layout-f56f613f wp-block-columns-is-layout-flex\">\n<div class=\"wp-block-column is-layout-flow wp-block-column-is-layout-flow\">\n<p class=\"wp-block-paragraph\"><em>3a divisi\u00f3<\/em><\/p>\n\n\n\n<ol class=\"wp-block-list\">\n<li class=\"has-medium-font-size\">CAN MASCARO A<\/li>\n\n\n\n<li class=\"has-medium-font-size\">BELLPUIG<\/li>\n\n\n\n<li class=\"has-medium-font-size\">EL VENDRELL A<\/li>\n\n\n\n<li class=\"has-medium-font-size\">EL VENDRELL B<\/li>\n\n\n\n<li class=\"has-medium-font-size\">MULLIGAN CAN RAFEL<\/li>\n\n\n\n<li class=\"has-medium-font-size\">ORFEO CATALONIA<\/li>\n\n\n\n<li class=\"has-medium-font-size\">P&amp;P BAGES<\/li>\n<\/ol>\n<\/div>\n\n\n\n<div class=\"wp-block-column is-layout-flow wp-block-column-is-layout-flow\">\n<p class=\"wp-block-paragraph\"><em>4a divisi\u00f3<\/em><\/p>\n\n\n\n<ol class=\"wp-block-list\">\n<li class=\"has-medium-font-size\">BON\u00c0REA B<\/li>\n\n\n\n<li class=\"has-medium-font-size\">CAN MASCAR\u00f3 B <\/li>\n\n\n\n<li class=\"has-medium-font-size\">EL VALLES B<\/li>\n\n\n\n<li class=\"has-medium-font-size\">SENIOR OLIMPICS<\/li>\n\n\n\n<li class=\"has-medium-font-size\">TARRACO P&amp;P CAMBRILS<\/li>\n\n\n\n<li class=\"has-medium-font-size\">VILAGOLF CAMBRILS<\/li>\n\n\n\n<li class=\"has-medium-font-size\">VOLA BOLA CAN CUYAS<\/li>\n<\/ol>\n<\/div>\n<\/div>\n\n\n\n<h2 class=\"wp-block-heading\"><a>VIII Intercamps MP<\/a><\/h2>\n\n\n\n<p class=\"wp-block-paragraph\">Com sempre, passem la tasca de fer els encreuament a la FCPP a fi de minimitzar les diferents avantatges que pugui tenir uns equips respectes a d\u2019altres, al haver d\u2019enfrontar-se a equips locals mes d\u2019una vegada.<\/p>\n\n\n\n<p class=\"wp-block-paragraph\">Aquesta distribuci\u00f3 la vaig comen\u00e7ar a fer jo mateix, per\u00f2 es extraordin\u00e0riament dif\u00edcil d\u2019optimitzar, aix\u00ed que els ho vaig passa a ells.<\/p>\n\n\n\n<p class=\"wp-block-paragraph\">Dos canvis amb relaci\u00f3 a l\u2019any passat, fa baixa el equip del S\u00e8nior Ol\u00edmpic i entre com a nou, l\u2019Orfe\u00f3 Catal\u00f2nia, aix\u00ed que els canvis, per el que fa a la composici\u00f3 del les divisions, no van mes en les habituals pujades i baixades de categoria i mantenim l\u2019estructura dels 7 equips a primera divisi\u00f3 i 6 a les 2a i 3a.<\/p>\n\n\n\n<p class=\"wp-block-paragraph\">Les divisions varen quedar aix\u00ed:<\/p>\n\n\n\n<div class=\"wp-block-columns is-layout-flex wp-container-core-columns-is-layout-f56f613f wp-block-columns-is-layout-flex\">\n<div class=\"wp-block-column is-layout-flow wp-block-column-is-layout-flow\">\n<p class=\"wp-block-paragraph\">1a divisi\u00f3<\/p>\n\n\n\n<ol class=\"wp-block-list\">\n<li class=\"has-medium-font-size\">CAN MASCARO A<\/li>\n\n\n\n<li class=\"has-medium-font-size\">CAN RAFEL SENIORS<\/li>\n\n\n\n<li class=\"has-medium-font-size\">EL VALLES A<\/li>\n\n\n\n<li class=\"has-medium-font-size\">MANRESA SAVA<\/li>\n\n\n\n<li class=\"has-medium-font-size\">MULLIGAN CAN MASCAR\u00d3<\/li>\n\n\n\n<li class=\"has-medium-font-size\">PORTAL DEL ROC<\/li>\n\n\n\n<li class=\"has-medium-font-size\">ROC3 PROMESES<\/li>\n<\/ol>\n<\/div>\n\n\n\n<div class=\"wp-block-column is-layout-flow wp-block-column-is-layout-flow\">\n<p class=\"wp-block-paragraph\">2A DIVISI\u00d3<\/p>\n\n\n\n<ol class=\"wp-block-list\">\n<li class=\"has-medium-font-size\">CAN CUYAS<\/li>\n\n\n\n<li class=\"has-medium-font-size\">CAN MASCARO B<\/li>\n\n\n\n<li class=\"has-medium-font-size\">CAN RAFEL PENEDES<\/li>\n\n\n\n<li class=\"has-medium-font-size\">LLEIDA TORRE-SERONA<\/li>\n\n\n\n<li class=\"has-medium-font-size\">MULLIGAN CAN RAFEL<\/li>\n\n\n\n<li class=\"has-medium-font-size\">ROC3 MP<\/li>\n<\/ol>\n<\/div>\n<\/div>\n\n\n\n<div class=\"wp-block-columns is-layout-flex wp-container-core-columns-is-layout-f56f613f wp-block-columns-is-layout-flex\">\n<div class=\"wp-block-column is-layout-flow wp-block-column-is-layout-flow\">\n<p class=\"wp-block-paragraph\">3a divisi\u00f3<\/p>\n\n\n\n<ol class=\"wp-block-list\">\n<li class=\"has-medium-font-size\">BELLPUIG<\/li>\n\n\n\n<li class=\"has-medium-font-size\">EL VALLES B<\/li>\n\n\n\n<li class=\"has-medium-font-size\">ORFE\u00d3 CATALONIA<\/li>\n\n\n\n<li class=\"has-medium-font-size\">P&amp;P BAGES<\/li>\n\n\n\n<li class=\"has-medium-font-size\">TARRACO P&amp;P CAMBRILS<\/li>\n\n\n\n<li class=\"has-medium-font-size\">VOLA BOLA CAN CUYAS<\/li>\n<\/ol>\n<\/div>\n\n\n\n<div class=\"wp-block-column is-layout-flow wp-block-column-is-layout-flow\"><\/div>\n<\/div>\n\n\n\n<h2 class=\"wp-block-heading\"><a>XII Interzones<\/a><\/h2>\n\n\n\n<p class=\"wp-block-paragraph\">Una vegada suspesa la Divisi\u00f3 d\u2019Honor, primer per el problema del COVID, despr\u00e9s per la desincronitzaci\u00f3 de temporades amb els companys del SEMAR i finalment per la dificultat dels despla\u00e7ament, v\u00e0rem posar-nos d\u2019acord en recuperar l\u2019antiga f\u00f3rmula d\u2019un partit en que s\u2019enfrontessin el quatre millors equips de cada zona.<\/p>\n\n\n\n<p class=\"wp-block-paragraph\">Aquesta temporada els equips van ser:<\/p>\n\n\n\n<div class=\"wp-block-columns is-layout-flex wp-container-core-columns-is-layout-f56f613f wp-block-columns-is-layout-flex\">\n<div class=\"wp-block-column is-layout-flow wp-block-column-is-layout-flow\">\n<p class=\"has-medium-font-size wp-block-paragraph\">Per part nostre<\/p>\n\n\n\n<p class=\"wp-block-paragraph\">.<\/p>\n\n\n\n<ol class=\"wp-block-list\">\n<li class=\"has-medium-font-size\">CAN RAFEL SENIOR<\/li>\n\n\n\n<li class=\"has-medium-font-size\">MULLIGAN CAN MASCAR\u00d3<\/li>\n\n\n\n<li class=\"has-medium-font-size\">PORTAL DEL ROC<\/li>\n\n\n\n<li class=\"has-medium-font-size\">ROC3 VERMELL<\/li>\n<\/ol>\n<\/div>\n\n\n\n<div class=\"wp-block-column is-layout-flow wp-block-column-is-layout-flow\">\n<p class=\"has-medium-font-size wp-block-paragraph\">Per part Est (no ho tin apuntat, per\u00f2 penso que van ser aquets)<\/p>\n\n\n\n<ol class=\"wp-block-list\">\n<li class=\"has-medium-font-size\">BADALONA<\/li>\n\n\n\n<li class=\"has-medium-font-size\">HCP1<\/li>\n\n\n\n<li class=\"has-medium-font-size\">SANT CEBRI\u00c0<\/li>\n\n\n\n<li class=\"has-medium-font-size\">??<\/li>\n<\/ol>\n<\/div>\n<\/div>\n\n\n\n<ol class=\"wp-block-list\"><\/ol>\n\n\n\n<p class=\"wp-block-paragraph\">El partit va ser al HCP1 i el guanyador, com no podia ser d\u2019altra manera va ser:<\/p>\n\n\n\n<h4 class=\"wp-block-heading has-text-align-center\"><strong>HCP1 A<\/strong><\/h4>\n\n\n\n<h2 class=\"wp-block-heading\"><a>XII Ryder SEMAR vs ASEP<\/a><\/h2>\n\n\n\n<p class=\"wp-block-paragraph\">Ja amb mes comoditat de dates, la Ryder va tornar, aquesta vega al camp de Franciac.<\/p>\n\n\n\n<p class=\"wp-block-paragraph\">Com sempre que la celebrem a territori contrari, havia de ser jo qui se\u2019n cuides de fer la selecci\u00f3 per formar l\u2019equip, per\u00f2 donada la circumst\u00e0ncia de que l\u2019Antonio Garc\u00eda \u00c1vila, va insistir per que la del proper any fos a Can Mascar\u00f3, que encara no n\u2019hi hav\u00edem celebrat cap, li vaig proposar que a nivell d\u2019experi\u00e8ncia, agafes les rendes de la capitania i s\u2019hi va posar a treballar.<\/p>\n\n\n\n<p class=\"wp-block-paragraph\">Va fer un bon equip, per\u00f2 poques hores abans van haver varies baixes, i a la fi va d\u2019haver de recorre a suplents de emerg\u00e8ncia.<\/p>\n\n\n\n<p class=\"wp-block-paragraph\">Va ser un dia molt bo per jugar, el camp en perfectes condicions i un dinar excel\u00b7lent, i tot i que la cosa va a anar de dos punts, es va continuar amb la tradici\u00f3, es a dir, la van guanyar el locals, es aquest cas, els companys del<\/p>\n\n\n\n<h4 class=\"wp-block-heading has-text-align-center\"><strong>SEMAR<\/strong><\/h4>\n\n\n\n<h4 class=\"wp-block-heading\"><a><\/a>Resultats i fotografies:<\/h4>\n\n\n\n<ul class=\"wp-block-list\">\n<li>A&nbsp; la pestanya \u201cEl que ja hem fet\u201d consultar \u201cHist\u00f2ric de resultats\u201d<\/li>\n\n\n\n<li>Les fotografies de la temporada les podeu veure clicant <a href=\"https:\/\/www.asep.cat\/index.php\/2025\/12\/27\/temporada-2022-23\/\">aqu\u00ed<\/a>.<\/li>\n<\/ul>\n","protected":false},"excerpt":{"rendered":"<p>Descripci\u00f3 de la temporada Quan vaig fer la revista del resums dels primers 15 anys del Intercamps, de fet la idea era, de que alg\u00fa ofer\u00eds relleu a la direcci\u00f3 del circuit, vaig donar veus i tamb\u00e9 a la reuni\u00f3 de capitans, vaig plantejar la q\u00fcesti\u00f3, res, ning\u00fa va donar el pas endavant per fer-se\u2019n [&hellip;]<\/p>\n","protected":false},"author":5,"featured_media":0,"parent":0,"menu_order":0,"comment_status":"closed","ping_status":"closed","template":"","meta":{"footnotes":""},"c2tw_page_folder":[137],"class_list":["post-19597","page","type-page","status-publish","hentry","c2tw_page_folder-un-cop-dull-al-passat"],"_links":{"self":[{"href":"https:\/\/www.asep.cat\/index.php\/wp-json\/wp\/v2\/pages\/19597","targetHints":{"allow":["GET"]}}],"collection":[{"href":"https:\/\/www.asep.cat\/index.php\/wp-json\/wp\/v2\/pages"}],"about":[{"href":"https:\/\/www.asep.cat\/index.php\/wp-json\/wp\/v2\/types\/page"}],"author":[{"embeddable":true,"href":"https:\/\/www.asep.cat\/index.php\/wp-json\/wp\/v2\/users\/5"}],"replies":[{"embeddable":true,"href":"https:\/\/www.asep.cat\/index.php\/wp-json\/wp\/v2\/comments?post=19597"}],"version-history":[{"count":7,"href":"https:\/\/www.asep.cat\/index.php\/wp-json\/wp\/v2\/pages\/19597\/revisions"}],"predecessor-version":[{"id":19651,"href":"https:\/\/www.asep.cat\/index.php\/wp-json\/wp\/v2\/pages\/19597\/revisions\/19651"}],"wp:attachment":[{"href":"https:\/\/www.asep.cat\/index.php\/wp-json\/wp\/v2\/media?parent=19597"}],"wp:term":[{"taxonomy":"c2tw_page_folder","embeddable":true,"href":"https:\/\/www.asep.cat\/index.php\/wp-json\/wp\/v2\/c2tw_page_folder?post=19597"}],"curies":[{"name":"wp","href":"https:\/\/api.w.org\/{rel}","templated":true}]}}