{"id":19546,"date":"2026-08-15T18:45:52","date_gmt":"2026-08-15T16:45:52","guid":{"rendered":"https:\/\/www.asep.cat\/?page_id=19546"},"modified":"2026-08-16T08:41:00","modified_gmt":"2026-08-16T06:41:00","slug":"temporada-2021","status":"publish","type":"page","link":"https:\/\/www.asep.cat\/index.php\/temporada-2021\/","title":{"rendered":"Temporada 2021"},"content":{"rendered":"\n<h2 class=\"wp-block-heading\">Descripci\u00f3 de la temporada<\/h2>\n\n\n\n<p class=\"wp-block-paragraph\">Comencem nova temporada i com que era gener, vam pensar a coordinar-nos amb l\u2019Interclubs cl\u00e0ssic de la Federaci\u00f3, es a dir en lloc de fer-ho coincidir la temporada amb el curs escolar, que es de setembre a juny, mirar\u00edem d\u2019encabir-la en l\u2019any natural, tant a la zona est com a nosaltres ens va semblar una bona idea.<\/p>\n\n\n\n<p class=\"wp-block-paragraph\">Per\u00f2 les restriccions de la pand\u00e8mia s\u2019allargaven de fet no es podia viatjar en un mateix cotxe a persones de diferents nuclis familiars, cosa que obligava, que els 8 jugadors d\u2019un equip haguessin de fer els despla\u00e7aments en 8 cotxes!<\/p>\n\n\n\n<p class=\"wp-block-paragraph\">Vistes les coses d\u2019aquesta manera, 5 equips van declinar participar en aquesta edici\u00f3, de fet eren els que tenien els despla\u00e7aments mes llunyans, van ser <\/p>\n\n\n\n<ul class=\"wp-block-list\">\n<li>Bellpuig<\/li>\n\n\n\n<li>Bon\u00c0rea  B<\/li>\n\n\n\n<li>Lleida Torre-serona<\/li>\n\n\n\n<li>El Vendrell B<\/li>\n\n\n\n<li>VILAFORTUNY C.D.<\/li>\n<\/ul>\n\n\n\n<p class=\"wp-block-paragraph\">Com que a la temporada anterior tot van ser ingressos i pr\u00e0cticament cap despesa, vam decidir aprofitar les aportacions de la temporada passada per aquesta i reservar els drets d\u2019inscripci\u00f3 dels equips que havien declinar participar, per la propera.<\/p>\n\n\n\n<p class=\"wp-block-paragraph\">Hav\u00edem programat els primers partit de la temporada per el 13 d\u2019abril, per\u00f2 no vam poder comen\u00e7ar llavors i vam haver de fer-ho l\u2019onze de maig.<\/p>\n\n\n\n<p class=\"wp-block-paragraph\">La cosa va anar pitjor a l\u2019Intercamps Est, sembla que hi van haver moltes retic\u00e8ncies per comen\u00e7ar tant aviat i de fet no ho van fer fins el 2 de juny, amb aquests desajustos i donat que ells tenen varies divisions amb 8 equips, no els dona temps a comen\u00e7ar i acabar la temporada en el mateix any.<\/p>\n\n\n\n<p class=\"wp-block-paragraph\">En principi, si no tingu\u00e9ssim competicions comunes com la Divisi\u00f3 d\u2019Honor i la Ryder, a nosaltres no ens tindria que afectar, per\u00f2 evidentment, vam tenir que adaptar-nos a ells en aquestes proves. Aix\u00ed que aquest any va ser un galimaties de dates, de vegades hav\u00edem de jugar tres setmanes seguides i aquestes competicions les vam d\u2019haver d\u2019acabar amb la nostra temporada 2022 ja comen\u00e7ada.<\/p>\n\n\n\n<p class=\"wp-block-paragraph\">Al final, la cosa va quedar en que l\u2019Intercamps Est tornava a fer les temporades d\u2019acord amb el calendari escolar i nosaltres amb els anys naturals.<\/p>\n\n\n\n<p class=\"wp-block-paragraph\">A la pr\u00e0ctica nosaltres tamb\u00e9 vam veure que fer les temporades amb anys naturals no ens era c\u00f2mode, a l\u2019hora de fer els dinars de les finals, pocs camps tenien les instal\u00b7lacions adaptades per encabir-hi 70 comensals en un lloc resguardat i fer-ho fora de la casa club, a novembre, que es quan acabar\u00edem els partits, era un risc de mal temps o com a poc ens faria fresca.<\/p>\n\n\n\n<p class=\"wp-block-paragraph\">Aix\u00ed que ens vam marcar com a objectiu futur, tornar a temporades de Setembre a Juny tal i com ja feien al SEMAR<\/p>\n\n\n\n<h2 class=\"wp-block-heading\">XIV Intercamps SP<\/h2>\n\n\n\n<h4 class=\"wp-block-heading\">Els equips del XIV Intercamps SP van ser:<\/h4>\n\n\n\n<p class=\"wp-block-paragraph\"><em>Divisi\u00f3 d&#8217;Honor<\/em><\/p>\n\n\n\n<div class=\"wp-block-columns is-layout-flex wp-container-core-columns-is-layout-f56f613f wp-block-columns-is-layout-flex\">\n<div class=\"wp-block-column is-layout-flow wp-block-column-is-layout-flow\">\n<p class=\"wp-block-paragraph\"><em>Oest<\/em><\/p>\n\n\n\n<ol class=\"wp-block-list\">\n<li class=\"has-medium-font-size\">BON\u00c0REA A<\/li>\n\n\n\n<li class=\"has-medium-font-size\">CAMBRILS<\/li>\n\n\n\n<li class=\"has-medium-font-size\">CAN RAFEL S\u00c8NIORS<\/li>\n\n\n\n<li class=\"has-medium-font-size\">ROC 3 VERMELL&nbsp;<\/li>\n<\/ol>\n<\/div>\n\n\n\n<div class=\"wp-block-column is-layout-flow wp-block-column-is-layout-flow\">\n<p class=\"wp-block-paragraph\"><em>Est<\/em><\/p>\n\n\n\n<ol class=\"wp-block-list\">\n<li class=\"has-medium-font-size\">BADALONA XL<\/li>\n\n\n\n<li class=\"has-medium-font-size\">SANT CEBRIA A<\/li>\n\n\n\n<li class=\"has-medium-font-size\">SANT CEBRIA B<\/li>\n\n\n\n<li class=\"has-medium-font-size\">VALLROMANES A<\/li>\n<\/ol>\n<\/div>\n<\/div>\n\n\n\n<div class=\"wp-block-columns is-layout-flex wp-container-core-columns-is-layout-f56f613f wp-block-columns-is-layout-flex\">\n<div class=\"wp-block-column is-layout-flow wp-block-column-is-layout-flow\">\n<p class=\"wp-block-paragraph\"><em>1a divisi\u00f3<\/em><\/p>\n\n\n\n<ol class=\"wp-block-list\">\n<li class=\"has-medium-font-size\">CAN RAFEL PENEDES&nbsp;<\/li>\n\n\n\n<li class=\"has-medium-font-size\">COSTA DAURADA<\/li>\n\n\n\n<li class=\"has-medium-font-size\">EL VALLES A<\/li>\n\n\n\n<li class=\"has-medium-font-size\">MANRESA SAVA<\/li>\n\n\n\n<li class=\"has-medium-font-size\">P&amp;P COSTA DAURADA<\/li>\n\n\n\n<li class=\"has-medium-font-size\">PORTAL DEL ROC<\/li>\n\n\n\n<li class=\"has-medium-font-size\">ROC 3 BLAU<\/li>\n<\/ol>\n<\/div>\n\n\n\n<div class=\"wp-block-column is-layout-flow wp-block-column-is-layout-flow\">\n<p class=\"wp-block-paragraph\"><em>2a divisi\u00f3<\/em><\/p>\n\n\n\n<ol class=\"wp-block-list\">\n<li class=\"has-medium-font-size\">CAN MASCARO A<\/li>\n\n\n\n<li class=\"has-medium-font-size\">CAN MASCARO B&nbsp;<\/li>\n\n\n\n<li class=\"has-medium-font-size\">EL VALLES B<\/li>\n\n\n\n<li class=\"has-medium-font-size\">EL VENDRELL A<\/li>\n\n\n\n<li class=\"has-medium-font-size\">MULLIGAN C. M. A<\/li>\n\n\n\n<li class=\"has-medium-font-size\">ROC 3 PROMESES<\/li>\n\n\n\n<li class=\"has-medium-font-size\">SENIORS CAN CUYAS<\/li>\n<\/ol>\n<\/div>\n<\/div>\n\n\n\n<p class=\"wp-block-paragraph\"><em>3a divisi\u00f3<\/em><\/p>\n\n\n\n<ol class=\"wp-block-list\">\n<li class=\"has-medium-font-size\">LUMINE GOLF CAMBRILS<\/li>\n\n\n\n<li class=\"has-medium-font-size\">MANRESA SENIORS<\/li>\n\n\n\n<li class=\"has-medium-font-size\">MULLIGAN CAN MASCARO<\/li>\n\n\n\n<li class=\"has-medium-font-size\">ROC 3.CAT<\/li>\n\n\n\n<li class=\"has-medium-font-size\">SENIOR OLIMPICS<\/li>\n\n\n\n<li class=\"has-medium-font-size\">VOLA BOLA CAN CUYAS<\/li>\n<\/ol>\n\n\n\n<h2 class=\"wp-block-heading\">VI Intercamps MP<\/h2>\n\n\n\n<h4 class=\"wp-block-heading\">Els equips del VI Intercamps Oest MP van ser:<\/h4>\n\n\n\n<div class=\"wp-block-columns is-layout-flex wp-container-core-columns-is-layout-f56f613f wp-block-columns-is-layout-flex\">\n<div class=\"wp-block-column is-layout-flow wp-block-column-is-layout-flow\">\n<p class=\"wp-block-paragraph\"><em>1a divisi\u00f3<\/em><\/p>\n\n\n\n<ol class=\"wp-block-list\">\n<li class=\"has-medium-font-size\">BON\u00c0REA A<\/li>\n\n\n\n<li class=\"has-medium-font-size\">CAN CUYAS SENIORS<\/li>\n\n\n\n<li class=\"has-medium-font-size\">CAN RAFEL PENEDES<\/li>\n\n\n\n<li class=\"has-medium-font-size\">CAN RAFEL SENIORS<\/li>\n\n\n\n<li class=\"has-medium-font-size\">EL VALLES A&nbsp;<\/li>\n\n\n\n<li class=\"has-medium-font-size\">MANRESA SAVA<\/li>\n<\/ol>\n<\/div>\n\n\n\n<div class=\"wp-block-column is-layout-flow wp-block-column-is-layout-flow\">\n<p class=\"wp-block-paragraph\"><em>2a divisi\u00f3<\/em><\/p>\n\n\n\n<ol class=\"wp-block-list\">\n<li class=\"has-medium-font-size\">CAN MASCARO A&nbsp;<\/li>\n\n\n\n<li class=\"has-medium-font-size\">EL VALLES B<\/li>\n\n\n\n<li class=\"has-medium-font-size\">MULLIGAN C. M. A<\/li>\n\n\n\n<li class=\"has-medium-font-size\">PORTAL DEL ROC<\/li>\n\n\n\n<li class=\"has-medium-font-size\">ROC 3 MP<\/li>\n\n\n\n<li class=\"has-medium-font-size\">ROC 3 PROMESES<\/li>\n<\/ol>\n<\/div>\n<\/div>\n\n\n\n<p class=\"wp-block-paragraph\"><em>3a divisi\u00f3<\/em><\/p>\n\n\n\n<ol class=\"wp-block-list\">\n<li class=\"has-medium-font-size\">CAN MASCARO B<\/li>\n\n\n\n<li class=\"has-medium-font-size\">LUMINE GOLF CAMBRILS<\/li>\n\n\n\n<li class=\"has-medium-font-size\">MANRESA SENIORS<\/li>\n\n\n\n<li class=\"has-medium-font-size\">M\u00daLLIGAN CAN MASCAR\u00d3 B<\/li>\n\n\n\n<li class=\"has-medium-font-size\">VOLA BOLA CAN CUYAS<\/li>\n<\/ol>\n\n\n\n<h2 class=\"wp-block-heading\">XI Ryder ASEP vs SEMAR<\/h2>\n\n\n\n<p class=\"wp-block-paragraph\">Despr\u00e9s del desgavell de la passada temporada amb el COVID, decidim reprendre aquesta competici\u00f3, la seu va ser a un camp de la nostra zona que tal com hav\u00edem previst la frustrada passada temporada, vam escollir el camp del Costa Daurada.<\/p>\n\n\n\n<p class=\"wp-block-paragraph\">Com ja es tradicional el capit\u00e0 del nostre equip va ser el capit\u00e0 del equip local, es a dir, en Jes\u00fas S\u00e1nchez.<\/p>\n\n\n\n<p class=\"wp-block-paragraph\">La selecci\u00f3 que va fer, a la vista dels resultats, va ser molt efectiva i v\u00e0rem guanyar per golejada i la gerra va passar a les nostres mans.<\/p>\n\n\n\n<p class=\"wp-block-paragraph\">Com acabem de dir, els guanyadors d\u2019aquesta edici\u00f3 vam ser els del<\/p>\n\n\n\n<h4 class=\"wp-block-heading has-text-align-center\"><strong>ASEP<\/strong><\/h4>\n\n\n\n<h4 class=\"wp-block-heading\"><em>Resultats i fotografies:<\/em><\/h4>\n\n\n\n<ul class=\"wp-block-list\">\n<li>A&nbsp; la pestanya \u201cEl que ja hem fet\u201d consultar \u201cHist\u00f2ric de resultats\u201d<\/li>\n\n\n\n<li>Les fotografies de la temporada les podeu veure clicant <a href=\"https:\/\/www.asep.cat\/index.php\/2025\/12\/27\/temporada-2021\/\">aqu\u00ed<\/a>.<\/li>\n<\/ul>\n","protected":false},"excerpt":{"rendered":"<p>Descripci\u00f3 de la temporada Comencem nova temporada i com que era gener, vam pensar a coordinar-nos amb l\u2019Interclubs cl\u00e0ssic de la Federaci\u00f3, es a dir en lloc de fer-ho coincidir la temporada amb el curs escolar, que es de setembre a juny, mirar\u00edem d\u2019encabir-la en l\u2019any natural, tant a la zona est com a nosaltres [&hellip;]<\/p>\n","protected":false},"author":5,"featured_media":0,"parent":0,"menu_order":0,"comment_status":"closed","ping_status":"closed","template":"","meta":{"footnotes":""},"c2tw_page_folder":[137],"class_list":["post-19546","page","type-page","status-publish","hentry","c2tw_page_folder-un-cop-dull-al-passat"],"_links":{"self":[{"href":"https:\/\/www.asep.cat\/index.php\/wp-json\/wp\/v2\/pages\/19546","targetHints":{"allow":["GET"]}}],"collection":[{"href":"https:\/\/www.asep.cat\/index.php\/wp-json\/wp\/v2\/pages"}],"about":[{"href":"https:\/\/www.asep.cat\/index.php\/wp-json\/wp\/v2\/types\/page"}],"author":[{"embeddable":true,"href":"https:\/\/www.asep.cat\/index.php\/wp-json\/wp\/v2\/users\/5"}],"replies":[{"embeddable":true,"href":"https:\/\/www.asep.cat\/index.php\/wp-json\/wp\/v2\/comments?post=19546"}],"version-history":[{"count":5,"href":"https:\/\/www.asep.cat\/index.php\/wp-json\/wp\/v2\/pages\/19546\/revisions"}],"predecessor-version":[{"id":19590,"href":"https:\/\/www.asep.cat\/index.php\/wp-json\/wp\/v2\/pages\/19546\/revisions\/19590"}],"wp:attachment":[{"href":"https:\/\/www.asep.cat\/index.php\/wp-json\/wp\/v2\/media?parent=19546"}],"wp:term":[{"taxonomy":"c2tw_page_folder","embeddable":true,"href":"https:\/\/www.asep.cat\/index.php\/wp-json\/wp\/v2\/c2tw_page_folder?post=19546"}],"curies":[{"name":"wp","href":"https:\/\/api.w.org\/{rel}","templated":true}]}}