{"id":19532,"date":"2026-08-15T17:04:47","date_gmt":"2026-08-15T15:04:47","guid":{"rendered":"https:\/\/www.asep.cat\/?page_id=19532"},"modified":"2026-08-16T19:19:50","modified_gmt":"2026-08-16T17:19:50","slug":"temporada-2019-20","status":"publish","type":"page","link":"https:\/\/www.asep.cat\/index.php\/temporada-2019-20\/","title":{"rendered":"Temporada 2019\/20"},"content":{"rendered":"\n<h2 class=\"wp-block-heading\">Descripci\u00f3 de la temporada<\/h2>\n\n\n\n<p class=\"wp-block-paragraph\">En podr\u00edem dir \u201cLa temporada del covid\u201d<\/p>\n\n\n\n<p class=\"wp-block-paragraph\">La cosa es presentava com una temporada mes, des del Comit\u00e8 de S\u00e8niors est\u00e0vem preparant un campionat Europeu de S\u00e8niors, el ten\u00edem previs per la tardor del 2020 i ja ten\u00edem una bona llista de participants a les pr\u00e8vies, tot anava a bon ritme, les competicions previstes serien els dos Intercamps, la Ryder, la Copa Match Play Equips S\u00e8niors i preten\u00edem de posar en marxa un I Circuit S\u00e8nior EPPA per a majors de 75 anys i la Copa Absoluta S\u00e8nior i el ja esmentat Campionat Europeu S\u00e8nior.<\/p>\n\n\n\n<p class=\"wp-block-paragraph\">A la Copa Match Play Equips S\u00e8niors, aquesta, havia de ser la 3a edici\u00f3, el I Circuit S\u00e8nior EPPA de la nostra divisi\u00f3 s\u2019hi van apuntar tres equips, els dels Vall\u00e8s A i B i Can Mascar\u00f3 i la Copa Absoluta S\u00e8nior, tenia per objectiu anomenar el millor s\u00e8nior de l\u2019any a partir dels resultat del Pentagonal, del circuit S\u00e8nior EPPA i del Campionat de Catalunya S\u00e8nior.<\/p>\n\n\n\n<p class=\"wp-block-paragraph\">Per\u00f2 be, com hem dit al comen\u00e7ar, al mes de mar\u00e7 tot se\u2019n va anar a norris, quan la temporada ja enfilava la recta final apareix la pand\u00e8mia del \u201ccovid 19\u201d amb el conseq\u00fcent bloqueig de despla\u00e7aments.<\/p>\n\n\n\n<p class=\"wp-block-paragraph\">Despr\u00e9s de diverses deliberacions amb els companys de la zona Est, vam arribar a la conclusi\u00f3 de que si el confinament acabava el maig o a mes tardar a juny, acabar\u00edem la temporada, en el cas de que ens an\u00e9ssim a setembre far\u00edem temporada nova.<\/p>\n\n\n\n<p class=\"wp-block-paragraph\">Tots recordem el que va passar, fins gener no es va comen\u00e7ar a veure la clar\u00f3 al final del t\u00fanel, a tots els equips hi havia hagut canvis importants, ja no era possible reprendre la temporada i vam decidir deixar-la suspesa, es a dir, d\u2019aquesta temporada no v\u00e0rem poder fer ni la Ryder, ni la Copa Match Play Equips S\u00e8niors, ni el circuit S\u00e8nior EPPA, tampoc el Campionat de Catalunya S\u00e8nior ni el Campionat Europeu S\u00e8nior, com es pot veure, la pand\u00e8mia va posar potes en l\u2019aire tota la planificaci\u00f3 establerta.<\/p>\n\n\n\n<h2 class=\"wp-block-heading\">XIII Intercamps SP<\/h2>\n\n\n\n<p class=\"wp-block-paragraph\">Des del principi, les coses ja no van anar rodades, a la Divisi\u00f3 d\u2019Honor, alguns equips van declinar participar per raons de dist\u00e0ncia, per part del SEMAR un dels que segur que hi van renunci\u00e0 va ser l\u2019equip del Papal\u00fas i un altre que no recordo, aix\u00ed que segons el reglament, alguns que havien de sortir de la divisi\u00f3, s\u2019hi van haver de quedar i van ser Badalona XL i Vallromanes A.<\/p>\n\n\n\n<p class=\"wp-block-paragraph\">Per part nostre, van declinar participar i per les mateixes raons, l\u2019equip de Lleida Ponent.<\/p>\n\n\n\n<p class=\"wp-block-paragraph\">A la temporada passada, tamb\u00e9 havia quedar de manifest la superioritat dels equips de la Zona Est, 3 dels 4 primers classificats van ser de la seva zona, sols el Roc 3 Vermell, va aconseguir quedar tercer.<\/p>\n\n\n\n<p class=\"wp-block-paragraph\">Tamb\u00e9 es van evidenciar les difer\u00e8ncies de tracte entre les dues zones, els companys del SEMAR, havien canviat l\u2019estructura de finan\u00e7ament i els premis per els jugadors de les dues zones van ser del tot diferents.<\/p>\n\n\n\n<p class=\"wp-block-paragraph\">Tot i aix\u00ed, aquesta temporada vam voler donar-li una nova oportunitat a la Divisi\u00f3 d\u2019Honor, i mantenir la iniciativa de apropar els dos circuits, per\u00f2 veiem que quelcom ja no rodava prou be.<\/p>\n\n\n\n<p class=\"wp-block-paragraph\">La pitjor noticia de la temporada al nostre circuit, va ser que a darrera hora, des de Lleida ens confirmen que l\u2019equip fundador del circuit, es a dir el de Lleida Ponent, desapareixia, al final no van poder ajuntar suficients jugadors com per afrontar un altre temporada a primera divisi\u00f3 i van optar per concentrar-se en el segon equip que era el de Lleida Torre-serona.<\/p>\n\n\n\n<p class=\"wp-block-paragraph\">Apart del de Lleida Ponent, hi van haver dos moviments mes, <\/p>\n\n\n\n<ul class=\"wp-block-list\">\n<li>M\u00falligan crea el M\u00daLLIGAN CAN MASCAR\u00d3<\/li>\n\n\n\n<li>S\u00c8NIORS SANT JAUME desapareix<\/li>\n<\/ul>\n\n\n\n<p class=\"wp-block-paragraph\">En definitiva ens quedem amb un equip menys.<\/p>\n\n\n\n<h4 class=\"wp-block-heading\">Els equips del XIII Intercamps Oest SP van ser:<\/h4>\n\n\n\n<p class=\"has-text-align-center wp-block-paragraph\"><em>Divisi\u00f3 d&#8217;honor<\/em><\/p>\n\n\n\n<div class=\"wp-block-columns is-layout-flex wp-container-core-columns-is-layout-f56f613f wp-block-columns-is-layout-flex\">\n<div class=\"wp-block-column is-layout-flow wp-block-column-is-layout-flow\">\n<p class=\"wp-block-paragraph\"><em>Oest<\/em><\/p>\n\n\n\n<ol class=\"wp-block-list\">\n<li class=\"has-medium-font-size\">CAN RAFEL SENIORS<\/li>\n\n\n\n<li class=\"has-medium-font-size\">EL VALLES A&nbsp;<\/li>\n\n\n\n<li class=\"has-medium-font-size\">PORTAL DEL ROC<\/li>\n\n\n\n<li class=\"has-medium-font-size\">ROC 3 VERMELL<\/li>\n<\/ol>\n<\/div>\n\n\n\n<div class=\"wp-block-column is-layout-flow wp-block-column-is-layout-flow\">\n<p class=\"wp-block-paragraph\"><em>Est<\/em><\/p>\n\n\n\n<ol class=\"wp-block-list\">\n<li class=\"has-medium-font-size\">BADALONA XL<\/li>\n\n\n\n<li class=\"has-medium-font-size\">HCP1 SEMAR<\/li>\n\n\n\n<li class=\"has-medium-font-size\">SANT CEBRIA A<\/li>\n\n\n\n<li class=\"has-medium-font-size\">VALLROMANES A<\/li>\n<\/ol>\n<\/div>\n<\/div>\n\n\n\n<div class=\"wp-block-columns is-layout-flex wp-container-core-columns-is-layout-f56f613f wp-block-columns-is-layout-flex\">\n<div class=\"wp-block-column is-layout-flow wp-block-column-is-layout-flow\">\n<p class=\"wp-block-paragraph\"><em>1a divisi\u00f3<\/em><\/p>\n\n\n\n<ol class=\"wp-block-list\">\n<li class=\"has-medium-font-size\">BELLPUIG<\/li>\n\n\n\n<li class=\"has-medium-font-size\">BON\u00c0REA A<\/li>\n\n\n\n<li class=\"has-medium-font-size\">CAMBRILS&nbsp;<\/li>\n\n\n\n<li class=\"has-medium-font-size\">CAN MASCARO A<\/li>\n\n\n\n<li class=\"has-medium-font-size\">CAN RAFEL PENEDES<\/li>\n\n\n\n<li class=\"has-cyan-bluish-gray-color has-text-color has-link-color has-medium-font-size wp-elements-1\">LLEIDA PONENT<\/li>\n\n\n\n<li class=\"has-medium-font-size\">MANRESA SAVA&nbsp;<\/li>\n\n\n\n<li class=\"has-medium-font-size\">VILAFORTUNY C.D.<\/li>\n<\/ol>\n<\/div>\n\n\n\n<div class=\"wp-block-column is-layout-flow wp-block-column-is-layout-flow\">\n<p class=\"wp-block-paragraph\"><em>2a Divisi\u00f3<\/em><\/p>\n\n\n\n<ol class=\"wp-block-list\">\n<li class=\"has-medium-font-size\">BON\u00c0REA C<\/li>\n\n\n\n<li class=\"has-medium-font-size\">CAN MASCARO B<\/li>\n\n\n\n<li class=\"has-medium-font-size\">EL VALLES B<\/li>\n\n\n\n<li class=\"has-medium-font-size\">EL VENDRELL B<\/li>\n\n\n\n<li class=\"has-medium-font-size\">P&amp;P COSTA DAURADA<\/li>\n\n\n\n<li>ROC3 BLAU<\/li>\n\n\n\n<li class=\"has-medium-font-size\">ROC 3 PROMESES<\/li>\n\n\n\n<li class=\"has-medium-font-size\">SENIORS CAN CUYAS<\/li>\n<\/ol>\n<\/div>\n<\/div>\n\n\n\n<p class=\"wp-block-paragraph\"><em>3a divisi\u00f3<\/em><\/p>\n\n\n\n<ol class=\"wp-block-list\">\n<li class=\"has-medium-font-size\">BON\u00c0REA B<\/li>\n\n\n\n<li class=\"has-medium-font-size\">EL VENDRELL A<\/li>\n\n\n\n<li class=\"has-medium-font-size\">LLEIDA TORRESERONA<\/li>\n\n\n\n<li class=\"has-medium-font-size\">LUMINE GOLF CAMBRILS<\/li>\n\n\n\n<li class=\"has-medium-font-size\">MANRESA SAVA S\u00c8NIORS<\/li>\n\n\n\n<li class=\"has-medium-font-size\">M\u00daLLIGAN.CAN MASCAR\u00d3<\/li>\n\n\n\n<li class=\"has-medium-font-size\">S\u00c8NIOR OLIMPICS CASTELLDEFELS<\/li>\n\n\n\n<li class=\"has-medium-font-size\">VOLA BOLA CAN CUYAS<\/li>\n<\/ol>\n\n\n\n<p class=\"wp-block-paragraph\">La temporada la vam de suspendre quan ja port\u00e0vem 7 jornades de les 8 a que la ten\u00edem programada, es a dir ens va faltar jugar la final amb els dinars i repartiments de premis.<\/p>\n\n\n\n<h2 class=\"wp-block-heading\">V Intercamps MP<\/h2>\n\n\n\n<p class=\"wp-block-paragraph\">Aquesta competici\u00f3 la comencem sense canvis, els mateixos equips per\u00f2 ja mes consolidats cada un en la seva divisi\u00f3 correcta.<\/p>\n\n\n\n<p class=\"wp-block-paragraph\">Continuem mantenint les 3 divisions, sols amb els canvis que les pujades i baixades cl\u00e0ssiques de cada temporada.<\/p>\n\n\n\n<h4 class=\"wp-block-heading\">Els equips del V Intercamps Oest M P van ser:<\/h4>\n\n\n\n<div class=\"wp-block-columns is-layout-flex wp-container-core-columns-is-layout-f56f613f wp-block-columns-is-layout-flex\">\n<div class=\"wp-block-column is-layout-flow wp-block-column-is-layout-flow\">\n<p class=\"wp-block-paragraph\"><em>1a divisi\u00f3<\/em><\/p>\n\n\n\n<ol class=\"wp-block-list\">\n<li class=\"has-medium-font-size\">BON\u00c0REA A<\/li>\n\n\n\n<li class=\"has-medium-font-size\">CAN MASCARO A<\/li>\n\n\n\n<li class=\"has-medium-font-size\">CAN RAFEL SENIORS<\/li>\n\n\n\n<li class=\"has-medium-font-size\">EL VALLES A<\/li>\n\n\n\n<li class=\"has-medium-font-size\">MANRESA SAVA<\/li>\n\n\n\n<li class=\"has-medium-font-size\">PORTAL DEL ROC<\/li>\n\n\n\n<li class=\"has-medium-font-size\">ROC 3 MP<\/li>\n<\/ol>\n<\/div>\n\n\n\n<div class=\"wp-block-column is-layout-flow wp-block-column-is-layout-flow\">\n<p class=\"wp-block-paragraph\"><em>2a divisi\u00f3<\/em><\/p>\n\n\n\n<ol class=\"wp-block-list\">\n<li class=\"has-medium-font-size\">BELLPUIG&nbsp;<\/li>\n\n\n\n<li class=\"has-medium-font-size\">BON\u00c0REA C<\/li>\n\n\n\n<li class=\"has-medium-font-size\">CAN CUYAS<\/li>\n\n\n\n<li class=\"has-medium-font-size\">CAN MASCARO B<\/li>\n\n\n\n<li class=\"has-medium-font-size\">CAN RAFEL PENEDES<\/li>\n\n\n\n<li class=\"has-medium-font-size\">ROC 3 PROMESES<\/li>\n<\/ol>\n<\/div>\n<\/div>\n\n\n\n<p class=\"wp-block-paragraph\"><em>3a divisi\u00f3<\/em><\/p>\n\n\n\n<ol class=\"wp-block-list\">\n<li class=\"has-medium-font-size\">EL VALLES B<\/li>\n\n\n\n<li class=\"has-medium-font-size\">LUMINE G CAMBRILS<\/li>\n\n\n\n<li class=\"has-medium-font-size\">MANRESA SAVA SENIORS<\/li>\n\n\n\n<li class=\"has-medium-font-size\">M\u00daLLIGAN CAN MASCAR\u00d3<\/li>\n\n\n\n<li class=\"has-medium-font-size\">VILAFORTUNY C.D.<\/li>\n\n\n\n<li class=\"has-medium-font-size\">VOLA BOLA CAN CUY\u00c0S<\/li>\n<\/ol>\n\n\n\n<p class=\"wp-block-paragraph\">Aqu\u00ed vam arribar a fer 4 de les 6 jornades previstes, va que dar la darrera i els encreuaments finals (1a vs 6a, 2a vs 5a i 3a vs 4a)<\/p>\n\n\n\n<h2 class=\"wp-block-heading\">XI Ryder SEMAR vs ASEP<\/h2>\n\n\n\n<p class=\"wp-block-paragraph\">Est\u00e0 clar que no es va poder jugar, quan tocava fer-la, est\u00e0vem reclosos a casa i no es podia ni siquiera circular, ni a peu ni amb cotxe! aix\u00ed que aquesta edici\u00f3 no va contar en el c\u00f2mput general<\/p>\n\n\n\n<h4 class=\"wp-block-heading\"><em>Resultats i fotografies:<\/em><\/h4>\n\n\n\n<ul class=\"wp-block-list\">\n<li>A&nbsp; la pestanya \u201cEl que ja hem fet\u201d consultar \u201cHist\u00f2ric de resultats\u201d<\/li>\n\n\n\n<li>Les fotografies de la temporada les podeu veure clicant <a href=\"https:\/\/www.asep.cat\/index.php\/2025\/12\/28\/temporada-2019-20\/\">aqu\u00ed<\/a>.<\/li>\n<\/ul>\n","protected":false},"excerpt":{"rendered":"<p>Descripci\u00f3 de la temporada En podr\u00edem dir \u201cLa temporada del covid\u201d La cosa es presentava com una temporada mes, des del Comit\u00e8 de S\u00e8niors est\u00e0vem preparant un campionat Europeu de S\u00e8niors, el ten\u00edem previs per la tardor del 2020 i ja ten\u00edem una bona llista de participants a les pr\u00e8vies, tot anava a bon ritme, [&hellip;]<\/p>\n","protected":false},"author":5,"featured_media":0,"parent":0,"menu_order":0,"comment_status":"closed","ping_status":"closed","template":"","meta":{"footnotes":""},"c2tw_page_folder":[137],"class_list":["post-19532","page","type-page","status-publish","hentry","c2tw_page_folder-un-cop-dull-al-passat"],"_links":{"self":[{"href":"https:\/\/www.asep.cat\/index.php\/wp-json\/wp\/v2\/pages\/19532","targetHints":{"allow":["GET"]}}],"collection":[{"href":"https:\/\/www.asep.cat\/index.php\/wp-json\/wp\/v2\/pages"}],"about":[{"href":"https:\/\/www.asep.cat\/index.php\/wp-json\/wp\/v2\/types\/page"}],"author":[{"embeddable":true,"href":"https:\/\/www.asep.cat\/index.php\/wp-json\/wp\/v2\/users\/5"}],"replies":[{"embeddable":true,"href":"https:\/\/www.asep.cat\/index.php\/wp-json\/wp\/v2\/comments?post=19532"}],"version-history":[{"count":8,"href":"https:\/\/www.asep.cat\/index.php\/wp-json\/wp\/v2\/pages\/19532\/revisions"}],"predecessor-version":[{"id":19639,"href":"https:\/\/www.asep.cat\/index.php\/wp-json\/wp\/v2\/pages\/19532\/revisions\/19639"}],"wp:attachment":[{"href":"https:\/\/www.asep.cat\/index.php\/wp-json\/wp\/v2\/media?parent=19532"}],"wp:term":[{"taxonomy":"c2tw_page_folder","embeddable":true,"href":"https:\/\/www.asep.cat\/index.php\/wp-json\/wp\/v2\/c2tw_page_folder?post=19532"}],"curies":[{"name":"wp","href":"https:\/\/api.w.org\/{rel}","templated":true}]}}