{"id":19522,"date":"2026-08-15T13:05:12","date_gmt":"2026-08-15T11:05:12","guid":{"rendered":"https:\/\/www.asep.cat\/?page_id=19522"},"modified":"2026-08-16T17:54:40","modified_gmt":"2026-08-16T15:54:40","slug":"temporada-2018-19","status":"publish","type":"page","link":"https:\/\/www.asep.cat\/index.php\/temporada-2018-19\/","title":{"rendered":"Temporada 2018\/19"},"content":{"rendered":"\n<h3 class=\"wp-block-heading\">Descripci\u00f3 de la temporada<\/h3>\n\n\n\n<p class=\"wp-block-paragraph\">Ja som a la XII temporada del Intercamps SP, la IV del MP i la X de la Ryder,<\/p>\n\n\n\n<p class=\"wp-block-paragraph\">Com podreu veure, aquest any vam tornar a batre la participaci\u00f3 d\u2019equips, d\u2019aquells 8 de la primera temporada, hem passat a ser 28 i sembla que alMatchplay tamb\u00e9 s&#8217;incrementa la participaci\u00f3, som 2 equips m\u00e9s, cosa que ens porta un altre vegada a les 3 divisions.<\/p>\n\n\n\n<p class=\"wp-block-paragraph\">Tamb\u00e9 rebem per part de la zona Est, 4 equips per fer la ja esmentada Divisi\u00f3 d\u2019Honor de fa anys. .<\/p>\n\n\n\n<h2 class=\"wp-block-heading\">XII Intercamps SP<\/h2>\n\n\n\n<p class=\"wp-block-paragraph\">Com ja s\u2019ha exposat en el temporada anterior, els canvis en els Intercamps ja no els veiem significatius.<\/p>\n\n\n\n<p class=\"wp-block-paragraph\">El mes important d&#8217;aquesta temporada, va estar, segons hem exposat anteriorment, el revifar la idea que ja havia plantejat feia uns 3 o 4 anys, que consistia amb posar en marxa una divisi\u00f3 conjunta amb l&#8217;Est.<\/p>\n\n\n\n<p class=\"wp-block-paragraph\">L&#8217;objectiu d&#8217;aquest canvi, passa per fer l&#8217;Intercamps mes competitiu i de pas, apropar una mica mes, les zones Est i Oest,  es a dir, substituir l\u2019Interzones per determinar l\u2019equip campi\u00f3 de Catalunya per aquesta nova divisi\u00f3, composta dels 4 millors equips de les 1es divisions Est i Oest.<\/p>\n\n\n\n<p class=\"wp-block-paragraph\">En el seu moment ho vam desestimar per por del transit matiner, realment el tr\u00e0fic diari dificulta molt els despla\u00e7aments, per\u00f2 si no ho provem, no sabrem si ens en sortim, aix\u00ed que el nostre Intercamps Oest passa a tenir 3 divisions locals i una compartida que acordem anomenar-la \u201cDivisi\u00f3 d\u2019Honor\u201d<\/p>\n\n\n\n<p class=\"wp-block-paragraph\">Un altre cosa a retocar, es que la novetat que vam introduir fa un parell d\u2019anys, de premiar amb un pernil extra per l\u2019equip que guanyi 3 proves (Scratch o HCP), no vam valorar prou be les possibles conseq\u00fc\u00e8ncies i ha resultat ser una mica \u201cabusiva\u201d.<\/p>\n\n\n\n<p class=\"wp-block-paragraph\">En seu moment, no se\u2019ns va passar pel cap que un equip guanyes dos pernils per la acumulaci\u00f3 de jornades guanyades i ja se sap, \u201csi una cosa no desitjada pot passar, passar\u00e0\u201d l\u2019equip del Roc3 Promeses va guanyar 6 jornades en scratch!! I com estava contemplat en el reglament, es va emportar 2 pernils per aquest concepte, mes el que els pertocava com a equip, en total es van emportar 3 pernils a la mateixa temporada.<\/p>\n\n\n\n<p class=\"wp-block-paragraph\">Per\u00f2 aix\u00f2 no es tot, l\u2019equip de Vilafortuny -Cambrils, va guanyar 5 proves, es a dir, es va quedar a una de emportar-se tamb\u00e9 els dos pernils per aquest concepte, vista aquesta situaci\u00f3, va quedar clar\u00edssim que de cara a la propera temporada hav\u00edem de limitar a 1, els pernils que un equip es pot emportar per guanyar 3 o mes jornades guanyades en scratch i\/o HCP.<\/p>\n\n\n\n<p class=\"wp-block-paragraph\">Vull posar en relleu, el sentit de companyonia d\u2019en Josep M\u00aa Sierra del Roc3 Promeses, que va donar un dels seus tres pernils a l\u2019equip del Canal Ol\u00edmpic ,que sortia sense res del dinar, ja que va comen\u00e7ar a competir amb la temporada ja comen\u00e7ada i no havia aportat els drets d\u2019inscripci\u00f3.<\/p>\n\n\n\n<p class=\"wp-block-paragraph\">Poques coses mes es poden dir d\u2019aquesta temporada, va ser pl\u00e0cida i sense complicacions, com a fet destacable va ser la impossibilitat de fer el dinar de fi de temporada del la 3a Divisi\u00f3 a Oller del Mas, ja que encara no havien acabat les obres i vam haver de fer la festa a Els Torrents, un restaurant que est\u00e0 just davant del camp de golf La Roqueta, el tracte i el local que ens van dedicar, va acabar sent excel\u00b7lent.<\/p>\n\n\n\n<p class=\"wp-block-paragraph\">Continuem creixent, ara ja som 28 equips, aquesta temporada se&#8217;ns afegeixen 4 nous equips que son:<\/p>\n\n\n\n<ul class=\"wp-block-list\">\n<li class=\"has-medium-font-size\">LLEIDA TORRESERONA<\/li>\n\n\n\n<li class=\"has-medium-font-size\">MANRESA SAVA S\u00c8NIORS<\/li>\n\n\n\n<li class=\"has-medium-font-size\">ROC3 PROMESES<\/li>\n\n\n\n<li class=\"has-medium-font-size\">S\u00c8NIORS CANAL OL\u00cdMPIC<\/li>\n<\/ul>\n\n\n\n<h4 class=\"wp-block-heading\">Els equips del XII Intercamps Oest SP van ser:<\/h4>\n\n\n\n<p class=\"has-text-align-left has-large-font-size wp-block-paragraph\"><em>&nbsp;&nbsp;&nbsp;&nbsp;&nbsp;&nbsp;&nbsp;&nbsp;&nbsp;&nbsp;&nbsp;&nbsp;&nbsp;&nbsp; Divisi\u00f3 d\u2019Honor&nbsp;&nbsp;&nbsp;<\/em><\/p>\n\n\n\n<div class=\"wp-block-columns is-layout-flex wp-container-core-columns-is-layout-f56f613f wp-block-columns-is-layout-flex\">\n<div class=\"wp-block-column is-layout-flow wp-block-column-is-layout-flow\">\n<p class=\"wp-block-paragraph\"><em>SEMAR<\/em><\/p>\n\n\n\n<ol class=\"wp-block-list\">\n<li class=\"has-medium-font-size\">BADALONA XL<\/li>\n\n\n\n<li class=\"has-medium-font-size\">HCP1 SEMAR<\/li>\n\n\n\n<li class=\"has-medium-font-size\">SANT CEBRIA A<\/li>\n\n\n\n<li class=\"has-medium-font-size\">VALLROMANES A<\/li>\n<\/ol>\n<\/div>\n\n\n\n<div class=\"wp-block-column is-layout-flow wp-block-column-is-layout-flow\">\n<p class=\"wp-block-paragraph\"><em>ASEP<\/em><\/p>\n\n\n\n<ol class=\"wp-block-list\">\n<li class=\"has-medium-font-size\">BON\u00c0REA A&nbsp;<\/li>\n\n\n\n<li class=\"has-medium-font-size\">CAMBRILS&nbsp;&nbsp;&nbsp;&nbsp;&nbsp;<\/li>\n\n\n\n<li class=\"has-medium-font-size\">EL VALL\u00c8S A&nbsp;<\/li>\n\n\n\n<li class=\"has-medium-font-size\">ROC 3 VERMELL&nbsp;&nbsp;&nbsp;<\/li>\n<\/ol>\n<\/div>\n<\/div>\n\n\n\n<div class=\"wp-block-columns is-layout-flex wp-container-core-columns-is-layout-f56f613f wp-block-columns-is-layout-flex\">\n<div class=\"wp-block-column is-layout-flow wp-block-column-is-layout-flow\">\n<p class=\"wp-block-paragraph\"><em>1a divisi\u00f3 Oest<\/em><\/p>\n\n\n\n<ol class=\"wp-block-list\">\n<li class=\"has-medium-font-size\">CAN MASCARO A&nbsp;&nbsp;<\/li>\n\n\n\n<li class=\"has-medium-font-size\">CAN RAFEL PENEDES<\/li>\n\n\n\n<li class=\"has-medium-font-size\">CAN RAFEL SENIOR<\/li>\n\n\n\n<li class=\"has-medium-font-size\">COSTA DORADA. L. F.<\/li>\n\n\n\n<li class=\"has-medium-font-size\">LLEIDA PONENT<\/li>\n\n\n\n<li class=\"has-medium-font-size\">MANRESA SAVA&nbsp;&nbsp;<\/li>\n\n\n\n<li class=\"has-medium-font-size\">PORTAL DEL ROC<\/li>\n\n\n\n<li class=\"has-medium-font-size\">ROC 3 BLAU&nbsp;<\/li>\n<\/ol>\n<\/div>\n\n\n\n<div class=\"wp-block-column is-layout-flow wp-block-column-is-layout-flow\">\n<p class=\"wp-block-paragraph\"><em>2a divisi\u00f3 Oest<\/em><\/p>\n\n\n\n<ol class=\"wp-block-list\">\n<li class=\"has-medium-font-size\">BELLPUIG<\/li>\n\n\n\n<li class=\"has-medium-font-size\">BON\u00c0REA C<\/li>\n\n\n\n<li class=\"has-medium-font-size\">CAN MASCAR\u00d3 B<\/li>\n\n\n\n<li class=\"has-medium-font-size\">EL VENDRELL A<\/li>\n\n\n\n<li class=\"has-medium-font-size\">EL VENDRELL B&nbsp;<\/li>\n\n\n\n<li class=\"has-medium-font-size\">SENIORS CAN CUYAS<\/li>\n\n\n\n<li class=\"has-medium-font-size\">S\u00c8NIORS SANT JAUME<\/li>\n\n\n\n<li class=\"has-medium-font-size\">VILAFORTUNY C<\/li>\n<\/ol>\n<\/div>\n<\/div>\n\n\n\n<p class=\"wp-block-paragraph\"><em>3a divisi\u00f3 Oest<\/em><\/p>\n\n\n\n<ol class=\"wp-block-list\">\n<li class=\"has-medium-font-size\">BON\u00c0REA B<\/li>\n\n\n\n<li class=\"has-medium-font-size\">EL VALLES B<\/li>\n\n\n\n<li class=\"has-medium-font-size\">LLEIDA TORRESERONA<\/li>\n\n\n\n<li class=\"has-medium-font-size\">LUMINE GOLF CAMBRILS<\/li>\n\n\n\n<li class=\"has-medium-font-size\">MANRESA SAVA S\u00c8NIORS<\/li>\n\n\n\n<li class=\"has-medium-font-size\">ROC3 PROMESES<\/li>\n\n\n\n<li class=\"has-medium-font-size\">S\u00c8NIORS CANAL OL\u00cdMPIC<\/li>\n\n\n\n<li class=\"has-medium-font-size\">VOLA BOLA CAN CUYAS<\/li>\n<\/ol>\n\n\n\n<h2 class=\"wp-block-heading\">IV Intercamps MP<\/h2>\n\n\n\n<p class=\"wp-block-paragraph\">Ja han passat dos temporades des de que vam decidir eliminar les compensacions de HCP i es nota la selecci\u00f3 natural, tothom est\u00e0 jugant amb 0, aix\u00f2 i que la FCPP fa les sortides emparellant els jugadors per ordre de HCP, ha fet que cada equip militi a la divisi\u00f3 correcta, segons els seu nivell de joc.<\/p>\n\n\n\n<p class=\"wp-block-paragraph\">Jo mateix ho estic comprovant, al principi de temporada faig una mitjana dels HCP dels jugadors per equips i l\u2019escalat es posa de manifest, els equips amb la mitja de HCP mes baixos estan a 1a divisi\u00f3, els segons a la 2a i els de la 3a son els que tenen els HCP mes alts<\/p>\n\n\n\n<h4 class=\"wp-block-heading\">Els equips del IV Intercamps Oest MP van ser:<\/h4>\n\n\n\n<div class=\"wp-block-columns is-layout-flex wp-container-core-columns-is-layout-f56f613f wp-block-columns-is-layout-flex\">\n<div class=\"wp-block-column is-layout-flow wp-block-column-is-layout-flow\">\n<p class=\"wp-block-paragraph\"><em>1a divisi\u00f3<\/em><\/p>\n\n\n\n<ol class=\"wp-block-list\">\n<li class=\"has-medium-font-size\">BON\u00c0REA A<\/li>\n\n\n\n<li class=\"has-medium-font-size\">CAN RAFEL PENEDES<\/li>\n\n\n\n<li class=\"has-medium-font-size\">EL VALLES A&nbsp;<\/li>\n\n\n\n<li class=\"has-medium-font-size\">MANRESA SAVA<\/li>\n\n\n\n<li class=\"has-medium-font-size\">PORTAL DEL ROC<\/li>\n\n\n\n<li class=\"has-medium-font-size\">ROC 3 MP<\/li>\n<\/ol>\n<\/div>\n\n\n\n<div class=\"wp-block-column is-layout-flow wp-block-column-is-layout-flow\">\n<p class=\"wp-block-paragraph\"><em>2a divisi\u00f3<\/em><\/p>\n\n\n\n<ol class=\"wp-block-list\">\n<li class=\"has-medium-font-size\">BELLPUIG<\/li>\n\n\n\n<li class=\"has-medium-font-size\">BON\u00c0REA C<\/li>\n\n\n\n<li class=\"has-medium-font-size\">CAN CUYAS<\/li>\n\n\n\n<li class=\"has-medium-font-size\">CAN MASCARO A<\/li>\n\n\n\n<li class=\"has-medium-font-size\">CAN RAFEL SENIORS<\/li>\n\n\n\n<li class=\"has-medium-font-size\">SANT JAUME<\/li>\n<\/ol>\n<\/div>\n<\/div>\n\n\n\n<p class=\"wp-block-paragraph\"><em>3a divisi\u00f3<\/em><\/p>\n\n\n\n<ol class=\"wp-block-list\">\n<li class=\"has-medium-font-size\">BON\u00c0REA B<\/li>\n\n\n\n<li class=\"has-medium-font-size\">CAN MASCARO B<\/li>\n\n\n\n<li class=\"has-medium-font-size\">EL VALLES B<\/li>\n\n\n\n<li class=\"has-medium-font-size\">LUMINE G, CAMBRILS<\/li>\n\n\n\n<li class=\"has-medium-font-size\">MANRESA SAVA S\u00c8NIORS<\/li>\n\n\n\n<li class=\"has-medium-font-size\">ROC3 PROMESES<\/li>\n<\/ol>\n\n\n\n<h2 class=\"wp-block-heading\">X Ryder SEMAR vs ASEP<\/h2>\n\n\n\n<p class=\"wp-block-paragraph\">La norma es va complir tamb\u00e9 aquesta vegada, tocava juga a territori del SEMAR i ells la van guanyar, aix\u00ed que ens tornen la jugada, la copa queda amb propietat dels companys del SEMAR, al guanyar consecutivament als camps HCP1, Bon\u00c0rea i Vallromanes, amb aix\u00f2 ja som els dos territoris els que tenim la copa en propietat i el comptador es torna a posar a 0.<\/p>\n\n\n\n<p class=\"wp-block-paragraph\">Ells tamb\u00e9 renuncien a quedar-se-la i no cal comprar-ne cap de nova.<\/p>\n\n\n\n<p class=\"wp-block-paragraph\">Guanyadors de la X Ryder:<\/p>\n\n\n\n<h4 class=\"wp-block-heading has-text-align-center\"><strong>SEMAR<\/strong><\/h4>\n\n\n\n<h4 class=\"wp-block-heading\">Resultats i fotografies:<\/h4>\n\n\n\n<ul class=\"wp-block-list\">\n<li>A&nbsp; la pestanya \u201cEl que ja hem fet\u201d consultar \u201cHist\u00f2ric de resultats\u201d<\/li>\n\n\n\n<li>Les fotografies de la temporada les podeu veure clicant <a href=\"https:\/\/www.asep.cat\/index.php\/2025\/12\/29\/temporada-2018-19\/\">aqu\u00ed<\/a>.<\/li>\n<\/ul>\n","protected":false},"excerpt":{"rendered":"<p>Descripci\u00f3 de la temporada Ja som a la XII temporada del Intercamps SP, la IV del MP i la X de la Ryder, Com podreu veure, aquest any vam tornar a batre la participaci\u00f3 d\u2019equips, d\u2019aquells 8 de la primera temporada, hem passat a ser 28 i sembla que alMatchplay tamb\u00e9 s&#8217;incrementa la participaci\u00f3, som [&hellip;]<\/p>\n","protected":false},"author":5,"featured_media":0,"parent":0,"menu_order":0,"comment_status":"closed","ping_status":"closed","template":"","meta":{"footnotes":""},"c2tw_page_folder":[137],"class_list":["post-19522","page","type-page","status-publish","hentry","c2tw_page_folder-un-cop-dull-al-passat"],"_links":{"self":[{"href":"https:\/\/www.asep.cat\/index.php\/wp-json\/wp\/v2\/pages\/19522","targetHints":{"allow":["GET"]}}],"collection":[{"href":"https:\/\/www.asep.cat\/index.php\/wp-json\/wp\/v2\/pages"}],"about":[{"href":"https:\/\/www.asep.cat\/index.php\/wp-json\/wp\/v2\/types\/page"}],"author":[{"embeddable":true,"href":"https:\/\/www.asep.cat\/index.php\/wp-json\/wp\/v2\/users\/5"}],"replies":[{"embeddable":true,"href":"https:\/\/www.asep.cat\/index.php\/wp-json\/wp\/v2\/comments?post=19522"}],"version-history":[{"count":12,"href":"https:\/\/www.asep.cat\/index.php\/wp-json\/wp\/v2\/pages\/19522\/revisions"}],"predecessor-version":[{"id":19636,"href":"https:\/\/www.asep.cat\/index.php\/wp-json\/wp\/v2\/pages\/19522\/revisions\/19636"}],"wp:attachment":[{"href":"https:\/\/www.asep.cat\/index.php\/wp-json\/wp\/v2\/media?parent=19522"}],"wp:term":[{"taxonomy":"c2tw_page_folder","embeddable":true,"href":"https:\/\/www.asep.cat\/index.php\/wp-json\/wp\/v2\/c2tw_page_folder?post=19522"}],"curies":[{"name":"wp","href":"https:\/\/api.w.org\/{rel}","templated":true}]}}