{"id":19496,"date":"2026-08-11T16:44:51","date_gmt":"2026-08-11T14:44:51","guid":{"rendered":"https:\/\/www.asep.cat\/?page_id=19496"},"modified":"2026-08-16T16:21:45","modified_gmt":"2026-08-16T14:21:45","slug":"temporada-2016-17","status":"publish","type":"page","link":"https:\/\/www.asep.cat\/index.php\/temporada-2016-17\/","title":{"rendered":"Temporada 2016\/17"},"content":{"rendered":"\n<h2 class=\"wp-block-heading\">Descripci\u00f3 de la temporada<\/h2>\n\n\n\n<p class=\"wp-block-paragraph\">Les coses funcionen ens els dos circuits per\u00f2 ara la experi\u00e8ncia ens recomana anar fent petits retocs als reglaments per anar millorant.<\/p>\n\n\n\n<p class=\"wp-block-paragraph\">A nivell ASEP, ens vam d\u2019haver de desmarcar d\u2019alguns criteris del companys del SEMAR en el Intercamps SP, per exemple, degut a alguns abusos al esperit de la norma, vam haver de limitar a dos, els jugadors d\u2019equips del mateix camp o club que es poden deixar i quedant la cosa en que sols es podria fer des d\u2019un equip de inferior categoria a un d\u2019una superior, no al rev\u00e9s ni entre iguals.<\/p>\n\n\n\n<p class=\"wp-block-paragraph\">En el MP vam haver d\u2019anular la compensaci\u00f3 dels HCP i canviar la forma de distribuir els jugadors, sense aquest canvis la competici\u00f3 es feia dif\u00edcil de controlar, :<\/p>\n\n\n\n<ul class=\"wp-block-list\">\n<li>Si continuem com ara de distribuir els partits segons l\u2019ordre que posin els capitans, ens trobem amb enfrontament absurds per la difer\u00e8ncia de nivell de joc entre els competidors, decidim que a partir d\u2019ara, ser\u00e0 la Federaci\u00f3 qui els emparellar\u00e0 segons el HCP nominal d\u2019ells.<\/li>\n\n\n\n<li>L\u2019altre aspecte que hem d\u2019anular es la compensaci\u00f3 del HCP, els canvis de jugadors a darrera hora es converteixen en un galimaties, el tenir que reajustar els partits quant hi ha que seguir la f\u00f3rmula de reajustament dels HCP, es massa complicat especialment a les parelles, aix\u00ed que tothom jugar\u00e0 amb HCP 0, aix\u00f2 a la llarga posar\u00e0 a cada equip en el seu nivell real de joc.<\/li>\n<\/ul>\n\n\n\n<p class=\"wp-block-paragraph\">Amb aquest ajustos, per el moment donem per acabats els canvis en els Intercamps&nbsp; i ens dediquem a ampliar las activitats dels s\u00e8niors.<\/p>\n\n\n\n<p class=\"wp-block-paragraph\">Al Comit\u00e8 de S\u00e8niors ens plantegem organitzar una competici\u00f3 per aquells jugadors que acostumen a jugar sempre en el mateix camp, per\u00f2 que quasi mai surten a altres camps i que incl\u00fas es porten ells mateixos les seves competicions, sense passar per els canals de la Federaci\u00f3.<\/p>\n\n\n\n<p class=\"wp-block-paragraph\">La idea era, fer que cada un d\u2019aquest grups s\u2019escoll\u00eds un grup de tres o 4 jugadors i s\u2019enfrontessin a altres equips similars d\u2019altres camps i aquests guanyadors ho fessin amb&nbsp; d\u2019altres camps, fins a tenir un guanyador de zona. Vaig fer un sondeig en alguns camps del nostre entorn i la veritat es que no ho vam veure factible, tampoc a la zona del SEMAR la idea no va prosperar.<\/p>\n\n\n\n<p class=\"wp-block-paragraph\">A canvi vam veure millor posar en marxa la I Copa MatchPlay per Equips S\u00e8niors, a grans trets aquesta competici\u00f3 consta sols de dues jornades, de dues voltes.<\/p>\n\n\n\n<p class=\"wp-block-paragraph\">Un altre proposici\u00f3 del Comit\u00e8 va ser fer una nova competici\u00f3, seria la Intercamps S\u00faper-s\u00e8niors Mides EPPA, en principi la idea era un calc del Intercamps normal per\u00f2 amb s\u00faper-s\u00e8niors (&gt;70), al final, a la nostra zona la proposta no va tirar endavant per falta d\u2019inter\u00e8s, s\u00ed que la van posar en marxa els del SEMAR.<\/p>\n\n\n\n<p class=\"wp-block-paragraph\">De fet, a la nostra zona, sembla que la gent est\u00e0 saturada de competicions o simplement no se\u2019n vol fer tantes, aquesta situaci\u00f3 que es dona majorit\u00e0riament a Oest, no es repeteix a l\u2019Est, al menys, es la imatge que ens dona l\u2019Oliva.<\/p>\n\n\n\n<p class=\"wp-block-paragraph\">Com que el logo d\u2019ASEP ja te anys i el guanyador ja no participa dels Intercamps, convoquem una nova proposta, es presenten varies opcions i al final decidim deixar les coses com estan, pensem que el logo actual, encara no \u201cs\u2019ha fet vell\u201d<\/p>\n\n\n\n<h2 class=\"wp-block-heading\">X Intercamps SP<\/h2>\n\n\n\n<p class=\"wp-block-paragraph\">L\u2019Intercamps Oest SP no te problemes, pr\u00e0cticament no hem de canviar res important de l&#8217;organitzaci\u00f3, ja tenim les finances estabilitzades i el n\u00famero d\u2019equips participants es mant\u00e9 establa.<\/p>\n\n\n\n<p class=\"wp-block-paragraph\">S\u2019incorpora Vilafortuny Cambrils  que per la mitjana dels seus HCP entra a la segona divisi\u00f3 i substitueix la baixa del segon equips de Manresa-<\/p>\n\n\n\n<p class=\"wp-block-paragraph\">Altres canvis son:<\/p>\n\n\n\n<ul class=\"wp-block-list\">\n<li>Teyco l&#8217;Ampolla se li va tancar el camp i es passa el Costa Daurada La Figuerola.<\/li>\n\n\n\n<li>El primer equips del Roc3 passa a ser Roc3 Vermell<\/li>\n\n\n\n<li>I el segon equip del Roc3 passa a ser Roc3 Blau<\/li>\n<\/ul>\n\n\n\n<h4 class=\"wp-block-heading\">Els equips del X Intercamps Oest SP van ser:<\/h4>\n\n\n\n<div class=\"wp-block-columns is-layout-flex wp-container-core-columns-is-layout-f56f613f wp-block-columns-is-layout-flex\">\n<div class=\"wp-block-column is-layout-flow wp-block-column-is-layout-flow\">\n<p class=\"wp-block-paragraph\"><em>1a divisi\u00f3<\/em><\/p>\n\n\n\n<ol class=\"wp-block-list\">\n<li class=\"has-medium-font-size\">BON\u00c0REA A<\/li>\n\n\n\n<li class=\"has-medium-font-size\">CAN RAFEL PENEDES<\/li>\n\n\n\n<li class=\"has-medium-font-size\">CAN RAFEL SENIORS<\/li>\n\n\n\n<li class=\"has-medium-font-size\">EL VALLES A<\/li>\n\n\n\n<li class=\"has-medium-font-size\">C.D. LA FIGUEROLA<\/li>\n\n\n\n<li class=\"has-medium-font-size\">PORTAL DEL ROC<\/li>\n\n\n\n<li class=\"has-medium-font-size\">ROC 3 VERMELL<\/li>\n<\/ol>\n<\/div>\n\n\n\n<div class=\"wp-block-column is-layout-flow wp-block-column-is-layout-flow\">\n<p class=\"wp-block-paragraph\"><em>2a divisi\u00f3<\/em><\/p>\n\n\n\n<ol class=\"wp-block-list\">\n<li class=\"has-medium-font-size\">BELLPUIG<\/li>\n\n\n\n<li class=\"has-medium-font-size\">CAMBRILS<\/li>\n\n\n\n<li class=\"has-medium-font-size\">CAN CUYAS<\/li>\n\n\n\n<li class=\"has-medium-font-size\">EL VENDRELL B<\/li>\n\n\n\n<li class=\"has-medium-font-size\">LLEIDA PONENT<\/li>\n\n\n\n<li class=\"has-medium-font-size\">MANRESA SAVA<\/li>\n\n\n\n<li class=\"has-medium-font-size\">ROC 3 BLAU<\/li>\n\n\n\n<li class=\"has-medium-font-size\">BON\u00c0REA C<\/li>\n<\/ol>\n<\/div>\n<\/div>\n\n\n\n<p class=\"wp-block-paragraph\">3a divisi\u00f3<\/p>\n\n\n\n<ol class=\"wp-block-list\">\n<li class=\"has-medium-font-size\">BON\u00c0REA B<\/li>\n\n\n\n<li class=\"has-medium-font-size\">CAN MASCARO<\/li>\n\n\n\n<li class=\"has-medium-font-size\">EL VALLES B<\/li>\n\n\n\n<li class=\"has-medium-font-size\">EL VENDRELL A<\/li>\n\n\n\n<li class=\"has-medium-font-size\">LLEIDA A<\/li>\n\n\n\n<li class=\"has-medium-font-size\">SANT JAUME B<\/li>\n\n\n\n<li class=\"has-medium-font-size\">VILAFORTUNY CAMBRILS<\/li>\n<\/ol>\n\n\n\n<h2 class=\"wp-block-heading\">X Interzones<\/h2>\n\n\n\n<p class=\"wp-block-paragraph\">Con es des del principi, una vegada acabada temporada regular, juguem l\u2019Interzones, enguany toca a zona Est, el camp escollit per ells es Sant Cebri\u00e0 i el guanyador es:<\/p>\n\n\n\n<h4 class=\"wp-block-heading has-text-align-center\"><strong>Sant Cebri\u00e0<\/strong><\/h4>\n\n\n\n<h2 class=\"wp-block-heading\">II Intercamps MP<\/h2>\n\n\n\n<p class=\"wp-block-paragraph\">L\u2019experi\u00e8ncia de la primera temporada en dona les pautes dels canvis que hem de fer-hi i que ja hem descrit al principi.<\/p>\n\n\n\n<p class=\"wp-block-paragraph\">Tamb\u00e9 hi van haver reclamacions d\u2019alguns equips que es trobaven que els tocava jugar mes d\u2019una vegada contra equips locals, es a dir, tots sabem que jugar en camp propi es una avantatge, dons els equips que els passava aix\u00f2, tenien mes d\u2019una desavantatge.<\/p>\n\n\n\n<p class=\"wp-block-paragraph\">Vaig provar de fer que cada equip jugues sols una vegada en cam propi i una vegada contra equips local, reconec que es extraordin\u00e0riament complicat quadra-ho, a la que mous un enfrontament, se\u2019t descol\u00b7loca tota la resta.<\/p>\n\n\n\n<p class=\"wp-block-paragraph\">Vaig demanar ajuda a en Lluis de la FCPP i ho va aconseguir majorit\u00e0riament, segons la configuraci\u00f3 de la divisi\u00f3 algun equip surt perjudicat, per\u00f2 en general va quedar prou be, es mes, fa que en les divisions que hi han dos equips del mateix camp, en un dels dos partits que juguen en el seu camp, s\u2019enfrontin entre ells, aix\u00ed s\u2019igualen les avantatges.<\/p>\n\n\n\n<h4 class=\"wp-block-heading\">Els equip del II Intercamps Oest Match Play :<\/h4>\n\n\n\n<div class=\"wp-block-columns is-layout-flex wp-container-core-columns-is-layout-f56f613f wp-block-columns-is-layout-flex\">\n<div class=\"wp-block-column is-layout-flow wp-block-column-is-layout-flow\">\n<p class=\"wp-block-paragraph\"><em>1a divisi\u00f3<\/em><\/p>\n\n\n\n<ol class=\"wp-block-list\">\n<li class=\"has-medium-font-size\">BELLPUIG<\/li>\n\n\n\n<li class=\"has-medium-font-size\">CAN RAFEL SENIORS<\/li>\n\n\n\n<li class=\"has-medium-font-size\">MANRESA SAVA<\/li>\n\n\n\n<li class=\"has-medium-font-size\">PORTAL DEL ROC<\/li>\n\n\n\n<li class=\"has-medium-font-size\">ROC 3 A<\/li>\n<\/ol>\n<\/div>\n\n\n\n<div class=\"wp-block-column is-layout-flow wp-block-column-is-layout-flow\">\n<p class=\"wp-block-paragraph\"><em>2a divisi\u00f3<\/em><\/p>\n\n\n\n<ol class=\"wp-block-list\">\n<li class=\"has-medium-font-size\">BON\u00c0REA A<\/li>\n\n\n\n<li class=\"has-medium-font-size\">CAN CUYAS<\/li>\n\n\n\n<li class=\"has-medium-font-size\">CAN MASCARO<\/li>\n\n\n\n<li class=\"has-medium-font-size\">EL VALLES A<\/li>\n\n\n\n<li class=\"has-medium-font-size\">ROC 3 MP<\/li>\n<\/ol>\n<\/div>\n<\/div>\n\n\n\n<p class=\"wp-block-paragraph\"><em>3a divisi\u00f3<\/em><\/p>\n\n\n\n<ol class=\"wp-block-list\">\n<li class=\"has-medium-font-size\">BON\u00c0REA B<\/li>\n\n\n\n<li class=\"has-medium-font-size\">CAN RAFEL PENEDES<\/li>\n\n\n\n<li class=\"has-medium-font-size\">EL VALLES B<\/li>\n\n\n\n<li class=\"has-medium-font-size\">EL VENDRELL<\/li>\n\n\n\n<li class=\"has-medium-font-size\">SANT JAUME<\/li>\n<\/ol>\n\n\n\n<h2 class=\"wp-block-heading\">VIII Ryder SEMAR vs ASEP<\/h2>\n\n\n\n<p class=\"wp-block-paragraph\">Passada la pujada d\u2019adrenalina per haver guanyat la Copa tres vegades seguides, comencen un altre cicle, aquesta vegada a territori Est i escullen el camp del HCP1 i tornem a la rutina, a casa seva, guanyen ells, aix\u00ed que els guanyadors de la VIII Ryder va se l&#8217;equip del<\/p>\n\n\n\n<h4 class=\"wp-block-heading has-text-align-center\"><strong>SEMAR<\/strong><\/h4>\n\n\n\n<h2 class=\"wp-block-heading\">I Copa MatchPlay equips S\u00e8niors<\/h2>\n\n\n\n<p class=\"wp-block-paragraph\">El format d\u2019aquesta nova competici\u00f3, seria MatchPlay, de 8 jugadors per equip, tot individual, no parelles, a grans trets l\u2019estructura era:<\/p>\n\n\n\n<ul class=\"wp-block-list\">\n<li>La primera jornada s&#8217;enfrontaran 4 equips contra els altres 4, aparellats de manera aleat\u00f2ria.<\/li>\n\n\n\n<li>La segona jornada, en primera volta s&#8217;enfrontaran els quatre guanyadors de la primera jornada.<\/li>\n\n\n\n<li>A la segona volta de la segona jornada, els dos guanyadors de la primera volta s&#8217;enfrontaran per el primer i segon lloc i els dos perdedors, per el tercer i quart lloc.<\/li>\n<\/ul>\n\n\n\n<p class=\"wp-block-paragraph\">Els premis van ser en vals de consum amb articles esportius comprats en el mateix camp, i la quantia era de 300\u20ac per el guanyador, 200\u20ac per el segon i 100\u20ac per el tercer classificat i la competici\u00f3 sempre es faria a camps de les zones Est i Oest alternativament.<\/p>\n\n\n\n<p class=\"wp-block-paragraph\">No vaig trobar consens entre els equips de la nostra zona aix\u00ed que vam declinar que els equips del Intercamps Oest participessin enguany i veur\u00edem si la propera temporada, al tocar al nostre territori, aconseguim els equips necessaris.<\/p>\n\n\n\n<h5 class=\"wp-block-heading\"><em>Resultats i fotografies:<\/em><\/h5>\n\n\n\n<ul class=\"wp-block-list\">\n<li>A&nbsp; la pestanya \u201cEl que ja hem fet\u201d consultar \u201cHist\u00f2ric de resultats\u201d <\/li>\n\n\n\n<li>Les fotografies de la temporada les podeu veure clicant <a href=\"https:\/\/www.asep.cat\/index.php\/2025\/12\/30\/temporada-2016-17\/\">aqu\u00ed<\/a>.<\/li>\n<\/ul>\n","protected":false},"excerpt":{"rendered":"<p>Descripci\u00f3 de la temporada Les coses funcionen ens els dos circuits per\u00f2 ara la experi\u00e8ncia ens recomana anar fent petits retocs als reglaments per anar millorant. A nivell ASEP, ens vam d\u2019haver de desmarcar d\u2019alguns criteris del companys del SEMAR en el Intercamps SP, per exemple, degut a alguns abusos al esperit de la norma, [&hellip;]<\/p>\n","protected":false},"author":5,"featured_media":0,"parent":0,"menu_order":0,"comment_status":"closed","ping_status":"closed","template":"","meta":{"footnotes":""},"c2tw_page_folder":[137],"class_list":["post-19496","page","type-page","status-publish","hentry","c2tw_page_folder-un-cop-dull-al-passat"],"_links":{"self":[{"href":"https:\/\/www.asep.cat\/index.php\/wp-json\/wp\/v2\/pages\/19496","targetHints":{"allow":["GET"]}}],"collection":[{"href":"https:\/\/www.asep.cat\/index.php\/wp-json\/wp\/v2\/pages"}],"about":[{"href":"https:\/\/www.asep.cat\/index.php\/wp-json\/wp\/v2\/types\/page"}],"author":[{"embeddable":true,"href":"https:\/\/www.asep.cat\/index.php\/wp-json\/wp\/v2\/users\/5"}],"replies":[{"embeddable":true,"href":"https:\/\/www.asep.cat\/index.php\/wp-json\/wp\/v2\/comments?post=19496"}],"version-history":[{"count":7,"href":"https:\/\/www.asep.cat\/index.php\/wp-json\/wp\/v2\/pages\/19496\/revisions"}],"predecessor-version":[{"id":19631,"href":"https:\/\/www.asep.cat\/index.php\/wp-json\/wp\/v2\/pages\/19496\/revisions\/19631"}],"wp:attachment":[{"href":"https:\/\/www.asep.cat\/index.php\/wp-json\/wp\/v2\/media?parent=19496"}],"wp:term":[{"taxonomy":"c2tw_page_folder","embeddable":true,"href":"https:\/\/www.asep.cat\/index.php\/wp-json\/wp\/v2\/c2tw_page_folder?post=19496"}],"curies":[{"name":"wp","href":"https:\/\/api.w.org\/{rel}","templated":true}]}}