{"id":18539,"date":"2026-08-03T15:22:44","date_gmt":"2026-08-03T13:22:44","guid":{"rendered":"https:\/\/www.asep.cat\/?page_id=18539"},"modified":"2026-08-16T15:48:03","modified_gmt":"2026-08-16T13:48:03","slug":"temporada-2015-16-2","status":"publish","type":"page","link":"https:\/\/www.asep.cat\/index.php\/temporada-2015-16-2\/","title":{"rendered":"Temporada 2015\/16"},"content":{"rendered":"\n<h2 class=\"wp-block-heading\"> Descripci\u00f3 de la temporada<\/h2>\n\n\n\n<p class=\"wp-block-paragraph\">Com ja preveiem, en reunions del Comit\u00e8 de S\u00e8niors, posem en marxa un nou Intercamps, per\u00f2 aquest ser\u00e0 de Match Play no eliminatori, a grans trets les caracter\u00edstiques, seran d&#8217;una lliga, es a dir, tots els equips s\u2019enfrontaran entre tots i a cada un d\u2019aquest enfrontaments, es repartiran 6 punts (un per partit).<\/p>\n\n\n\n<ul class=\"wp-block-list\">\n<li>La composici\u00f3 dels equips ser\u00e0 similar a la del Interclubs, continuem amb 8 jugadors, per\u00f2 amb 4 individuals i 2 parelles.<\/li>\n\n\n\n<li>Mirarem de trobar una forma de compensar els HCP<\/li>\n\n\n\n<li>Hi haur\u00e0 una classificaci\u00f3 a cada divisi\u00f3 i tamb\u00e9 pujaran i baixaran dos equips (els dos primers i els dos \u00faltims)<\/li>\n<\/ul>\n\n\n\n<p class=\"wp-block-paragraph\">En una xarrada amb l\u2019Orenes, ens va proposar una idea, es tractava de fer un partit de Nadal amb tots els jugadors vestit de Papa Noel, ho vam proposar als capitans i la idea va agradar, aix\u00ed que ho vam organitzar a Bon\u00c0rea que ens va donar totes les facilitats, va ser tot un \u00e8xit, quasi vam omplir el camp podeu veure les <a href=\"https:\/\/www.asep.cat\/index.php\/2025\/12\/31\/22-12-2015-partit-de-nadal-a-bonarea\/\">fotos a la nostra p\u00e0gina web<\/a>, va ser molt divertit i ens vam encoratjar de fer-ho novament la propera temporada, cosa que ja no va passar, per que ning\u00fa es va oferir a organitzar-ho!<\/p>\n\n\n\n<h3 class=\"wp-block-heading\">IX Intercamps SP<\/h3>\n\n\n\n<p class=\"wp-block-paragraph\">Ja som al 2015 i resolts perfectament els problemes log\u00edstics, podem afrontar una segona ampliaci\u00f3 del nostre Intercamps.<\/p>\n\n\n\n<p class=\"wp-block-paragraph\">Com hav\u00edem dit i a fi d\u2019anar homologant els reglament del SEMAR i nosaltres, canviem els conceptes de recaptaci\u00f3 i aquest any farem:<\/p>\n\n\n\n<ul class=\"wp-block-list\">\n<li>50\u20ac de drets d\u2019inscripci\u00f3 per jugador (per 8)&nbsp;&nbsp;&nbsp;&nbsp;&nbsp;&nbsp;&nbsp;&nbsp;400\u20ac<\/li>\n\n\n\n<li>2 reserves a 10\u20ac (cada un)&nbsp;&nbsp;&nbsp;&nbsp;&nbsp;&nbsp;&nbsp;&nbsp;&nbsp;&nbsp;&nbsp;&nbsp;&nbsp;&nbsp;&nbsp;&nbsp;&nbsp;&nbsp;&nbsp;&nbsp;&nbsp;&nbsp;&nbsp;&nbsp;&nbsp;&nbsp;&nbsp;&nbsp;&nbsp;&nbsp;&nbsp;&nbsp;&nbsp;&nbsp;&nbsp;&nbsp;&nbsp;&nbsp;&nbsp;&nbsp;&nbsp;&nbsp;   20\u20ac<\/li>\n\n\n\n<li>12\u20ac per greenfee (1,5 es per ASEP)&nbsp;&nbsp;&nbsp;&nbsp;&nbsp;&nbsp;&nbsp;&nbsp;&nbsp;&nbsp;&nbsp;&nbsp;&nbsp;&nbsp;&nbsp;&nbsp;&nbsp;&nbsp;&nbsp;&nbsp;&nbsp;&nbsp;&nbsp;&nbsp;&nbsp;&nbsp;&nbsp; &nbsp; 84\u20ac<\/li>\n\n\n\n<li><strong>TOTAL ANUAL PER EQUIP:&nbsp;&nbsp;&nbsp;&nbsp;&nbsp;&nbsp;&nbsp;&nbsp;&nbsp;&nbsp;&nbsp;&nbsp;&nbsp;&nbsp;&nbsp;&nbsp;&nbsp;&nbsp;&nbsp;&nbsp;&nbsp;&nbsp;&nbsp;&nbsp;&nbsp;&nbsp;&nbsp;&nbsp;&nbsp;&nbsp;&nbsp;&nbsp;&nbsp;&nbsp;&nbsp;&nbsp;&nbsp;&nbsp;&nbsp;&nbsp;&nbsp;&nbsp;&nbsp;&nbsp;&nbsp;&nbsp;&nbsp; 504\u20ac<\/strong><\/li>\n<\/ul>\n\n\n\n<p class=\"wp-block-paragraph\">Amb aquestes noves aportacions, la participaci\u00f3 a la nova competici\u00f3 del Intercamps MP, ser\u00e0 gratu\u00efta per a tots els equips que decideixin jugar-la.<\/p>\n\n\n\n<p class=\"wp-block-paragraph\">Fins ara ens manten\u00edem amb 18 equips i sols quan es donava de baixa un equip, admet\u00edem segons equips del mateix camp, per\u00f2 les sol\u00b7licituds de entrar per part de nous equips\/camps s\u2019acumulaven i amb els tres nous que ho havien demanat, ja som 21, es a dir, podem fer 3 divisions de 7 equips.<\/p>\n\n\n\n<p class=\"wp-block-paragraph\">Els nous equips son:<\/p>\n\n\n\n<ul class=\"wp-block-list\">\n<li class=\"has-medium-font-size\">Cambrils<\/li>\n\n\n\n<li class=\"has-medium-font-size\">Un segon Roc3<\/li>\n\n\n\n<li class=\"has-medium-font-size\">Can Mascar\u00f3<\/li>\n<\/ul>\n\n\n\n<p class=\"wp-block-paragraph\">Amb aquesta ampliaci\u00f3 deixem oberta la porta a fins a 6 equips mes, en el futur.<\/p>\n\n\n\n<h4 class=\"wp-block-heading\">Els equips del IX Intercamps SP Oest van ser:<\/h4>\n\n\n\n<div class=\"wp-block-columns is-layout-flex wp-container-core-columns-is-layout-f56f613f wp-block-columns-is-layout-flex\">\n<div class=\"wp-block-column is-layout-flow wp-block-column-is-layout-flow\">\n<p class=\"wp-block-paragraph\"><em>1A DIVISI\u00d3<\/em><\/p>\n\n\n\n<ol class=\"wp-block-list\">\n<li class=\"has-medium-font-size\">CAN RAFEL PENEDES<\/li>\n\n\n\n<li class=\"has-medium-font-size\">CAN RAFEL SENIORS<\/li>\n\n\n\n<li class=\"has-medium-font-size\">EL VALLES A<\/li>\n\n\n\n<li class=\"has-medium-font-size\">EL VENDRELL B<\/li>\n\n\n\n<li class=\"has-medium-font-size\">MANRESA SAVA<\/li>\n\n\n\n<li class=\"has-medium-font-size\">PORTAL DEL ROC<\/li>\n\n\n\n<li class=\"has-medium-font-size\">ROC 3<\/li>\n<\/ol>\n<\/div>\n\n\n\n<div class=\"wp-block-column is-layout-flow wp-block-column-is-layout-flow\">\n<p class=\"wp-block-paragraph\"><em>2A DIVISI\u00d3<\/em><\/p>\n\n\n\n<ol class=\"wp-block-list\">\n<li class=\"has-medium-font-size\">BON\u00c0REA A<\/li>\n\n\n\n<li class=\"has-medium-font-size\">BELLPUIG<\/li>\n\n\n\n<li class=\"has-medium-font-size\">CAN CUYAS<\/li>\n\n\n\n<li class=\"has-medium-font-size\">EL VENDRELL A<\/li>\n\n\n\n<li class=\"has-medium-font-size\">LLEIDA PONENT<\/li>\n\n\n\n<li class=\"has-medium-font-size\">SENIORS MANRESA<\/li>\n\n\n\n<li class=\"has-medium-font-size\">TEYCO L&#8217;AMPOLLA<\/li>\n<\/ol>\n<\/div>\n<\/div>\n\n\n\n<p class=\"wp-block-paragraph\"><em>3A DIVISI\u00d3<\/em><\/p>\n\n\n\n<ol class=\"wp-block-list\">\n<li class=\"has-medium-font-size\">BON\u00c0REA B<\/li>\n\n\n\n<li class=\"has-medium-font-size\">CAMBRILS<\/li>\n\n\n\n<li class=\"has-medium-font-size\">CAN MASCARO<\/li>\n\n\n\n<li class=\"has-medium-font-size\">EL VALLES B<\/li>\n\n\n\n<li class=\"has-medium-font-size\">LLEIDA A<\/li>\n\n\n\n<li class=\"has-medium-font-size\">ROC 3 B<\/li>\n\n\n\n<li class=\"has-medium-font-size\">SANT JAUME<\/li>\n<\/ol>\n\n\n\n<h3 class=\"wp-block-heading\">IX Interzones<\/h3>\n\n\n\n<p class=\"wp-block-paragraph\">Enguany a l\u2019hora de escollir el camp amfitri\u00f3, vaig tenir en compte de donar les m\u00e0ximes possibilitats de guanyar a un equip del nostre territori, aix\u00ed que vaig escollir el camp del campi\u00f3 del nostres circuit, que aquesta temporada ha estat el Roc3 Vermell.<\/p>\n\n\n\n<p class=\"wp-block-paragraph\">I dit i fet, l\u2019equip guanyador d\u2019aquesta IX edici\u00f3 va ser:<\/p>\n\n\n\n<h4 class=\"wp-block-heading has-text-align-center\"><strong>El Roc 3 Vermell<\/strong><\/h4>\n\n\n\n<h3 class=\"wp-block-heading\">I Intercamps MP<\/h3>\n\n\n\n<p class=\"wp-block-paragraph\">Com hem dit al principi, posem en marxa la nova competici\u00f3.<\/p>\n\n\n\n<h4 class=\"wp-block-heading\"><em>Amb els 16 equips inscrits, ens donen per fer 3 divisions, que son aquestes:<\/em><\/h4>\n\n\n\n<div class=\"wp-block-columns is-layout-flex wp-container-core-columns-is-layout-f56f613f wp-block-columns-is-layout-flex\">\n<div class=\"wp-block-column is-layout-flow wp-block-column-is-layout-flow\">\n<p class=\"has-medium-font-size wp-block-paragraph\"><em>1A DIVISI\u00d3<\/em><\/p>\n\n\n\n<ol class=\"wp-block-list\">\n<li class=\"has-medium-font-size\">CAN RAFEL<\/li>\n\n\n\n<li class=\"has-medium-font-size\">EL VALL\u00c8S A<\/li>\n\n\n\n<li class=\"has-medium-font-size\">EL VENDRELL B<\/li>\n\n\n\n<li class=\"has-medium-font-size\">MANRESA SAVA<\/li>\n\n\n\n<li class=\"has-medium-font-size\">PORTAL DEL ROC<\/li>\n\n\n\n<li class=\"has-medium-font-size\">ROC 3 MP<\/li>\n<\/ol>\n<\/div>\n\n\n\n<div class=\"wp-block-column is-layout-flow wp-block-column-is-layout-flow\">\n<p class=\"has-medium-font-size wp-block-paragraph\"><em>2A DIVISI\u00d3<\/em><\/p>\n\n\n\n<ol class=\"wp-block-list\">\n<li class=\"has-medium-font-size\">BELLPUIG<\/li>\n\n\n\n<li class=\"has-medium-font-size\">BON\u00c0REA A<\/li>\n\n\n\n<li class=\"has-medium-font-size\">CAN CUY\u00c0S<\/li>\n\n\n\n<li class=\"has-medium-font-size\">CAN MASCAR\u00d3<\/li>\n\n\n\n<li class=\"has-medium-font-size\">EL VENDRELL A<\/li>\n<\/ol>\n<\/div>\n<\/div>\n\n\n\n<p class=\"has-medium-font-size wp-block-paragraph\"><em>3A DIVISI\u00d3<\/em><\/p>\n\n\n\n<ol class=\"wp-block-list\">\n<li class=\"has-medium-font-size\">BON\u00c0REA B<\/li>\n\n\n\n<li class=\"has-medium-font-size\">CAMBRILS<\/li>\n\n\n\n<li class=\"has-medium-font-size\">EL VALL\u00c8S B<\/li>\n\n\n\n<li class=\"has-medium-font-size\">ROC 3 BLAU<\/li>\n\n\n\n<li class=\"has-medium-font-size\">SANT JAUME S\u00c8NIORS<\/li>\n<\/ol>\n\n\n\n<h3 class=\"wp-block-heading\">VII Ryder ASEP vs SEMAR<\/h3>\n\n\n\n<p class=\"wp-block-paragraph\"><strong>Aconseguit l\u2019objectiu<\/strong>, enguany la Ryder toca a casa nostra, concretament al camp de EL Vendrell i l\u2019equip guanyador va ser:<\/p>\n\n\n\n<h4 class=\"wp-block-heading has-text-align-center\"><strong>ASEP<\/strong><\/h4>\n\n\n\n<p class=\"wp-block-paragraph\">Es la tercera vegada consecutiva que guanyem la prova aix\u00ed que la copa passa a ser de la nostra propietat, per\u00f2 com que comprar-ne una de nova ens costaria diners que no podem desaprofitar, la donem a la organitzaci\u00f3, per fer-la servir en el futur.<\/p>\n\n\n\n<h5 class=\"wp-block-heading\"><em>Resultats i fotografies:<\/em><\/h5>\n\n\n\n<ul class=\"wp-block-list\">\n<li>A&nbsp; la pestanya \u201cEl que ja hem fet\u201d consultar \u201cHist\u00f2ric de resultats\u201d<\/li>\n\n\n\n<li>Les fotografies de la temporada les podeu veure clicant <a href=\"https:\/\/www.asep.cat\/index.php\/2025\/12\/31\/temporada-2015-16\/\">aqu\u00ed<\/a>.<\/li>\n<\/ul>\n","protected":false},"excerpt":{"rendered":"<p>Descripci\u00f3 de la temporada Com ja preveiem, en reunions del Comit\u00e8 de S\u00e8niors, posem en marxa un nou Intercamps, per\u00f2 aquest ser\u00e0 de Match Play no eliminatori, a grans trets les caracter\u00edstiques, seran d&#8217;una lliga, es a dir, tots els equips s\u2019enfrontaran entre tots i a cada un d\u2019aquest enfrontaments, es repartiran 6 punts (un [&hellip;]<\/p>\n","protected":false},"author":5,"featured_media":0,"parent":0,"menu_order":0,"comment_status":"closed","ping_status":"closed","template":"","meta":{"footnotes":""},"c2tw_page_folder":[137],"class_list":["post-18539","page","type-page","status-publish","hentry","c2tw_page_folder-un-cop-dull-al-passat"],"_links":{"self":[{"href":"https:\/\/www.asep.cat\/index.php\/wp-json\/wp\/v2\/pages\/18539","targetHints":{"allow":["GET"]}}],"collection":[{"href":"https:\/\/www.asep.cat\/index.php\/wp-json\/wp\/v2\/pages"}],"about":[{"href":"https:\/\/www.asep.cat\/index.php\/wp-json\/wp\/v2\/types\/page"}],"author":[{"embeddable":true,"href":"https:\/\/www.asep.cat\/index.php\/wp-json\/wp\/v2\/users\/5"}],"replies":[{"embeddable":true,"href":"https:\/\/www.asep.cat\/index.php\/wp-json\/wp\/v2\/comments?post=18539"}],"version-history":[{"count":13,"href":"https:\/\/www.asep.cat\/index.php\/wp-json\/wp\/v2\/pages\/18539\/revisions"}],"predecessor-version":[{"id":19626,"href":"https:\/\/www.asep.cat\/index.php\/wp-json\/wp\/v2\/pages\/18539\/revisions\/19626"}],"wp:attachment":[{"href":"https:\/\/www.asep.cat\/index.php\/wp-json\/wp\/v2\/media?parent=18539"}],"wp:term":[{"taxonomy":"c2tw_page_folder","embeddable":true,"href":"https:\/\/www.asep.cat\/index.php\/wp-json\/wp\/v2\/c2tw_page_folder?post=18539"}],"curies":[{"name":"wp","href":"https:\/\/api.w.org\/{rel}","templated":true}]}}