{"id":18519,"date":"2026-08-02T17:12:17","date_gmt":"2026-08-02T15:12:17","guid":{"rendered":"https:\/\/www.asep.cat\/?page_id=18519"},"modified":"2026-08-16T15:40:12","modified_gmt":"2026-08-16T13:40:12","slug":"temporada-2014-15","status":"publish","type":"page","link":"https:\/\/www.asep.cat\/index.php\/temporada-2014-15\/","title":{"rendered":"Temporada 2014\/15"},"content":{"rendered":"\n<h2 class=\"wp-block-heading\">Descripci\u00f3 de la temporada<\/h2>\n\n\n\n<p class=\"wp-block-paragraph\">Comencem una nova etapa amb la col\u00b7laboraci\u00f3 de la Federaci\u00f3 i nou reglament igual que el dels companys del SEMAR, per\u00f2 amb annexes espec\u00edfics per a cada zona.<\/p>\n\n\n\n<p class=\"wp-block-paragraph\">Segons els acords, la Federaci\u00f3, obrir\u00e0 una pestanya a la seva web, on figuraran les sortides i resultats dels Intercamps ara oficialment Est (SEMAR) i Oest (ASEP) a mes de crear un nou correu electr\u00f2nic que es <a href=\"mailto:intercamps@pitch.cat\">intercamps@pitch.cat<\/a> on els capitans puguin enviar els equips.<\/p>\n\n\n\n<p class=\"wp-block-paragraph\">Tamb\u00e9 habilitaran l\u2019entrada dels equips directament a la seva web, tal i com es fa en el Interclubs. (Buf&#8230; no us podeu imaginar la feinada que em vaig treure de sobre, tot aix\u00f2, les sortides i les classificacions ho havia de fer directament jo!!)<\/p>\n\n\n\n<p class=\"wp-block-paragraph\">Tamb\u00e9, ara que tenim Comit\u00e8 de S\u00e8niors a la pestanya de la web de la Federaci\u00f3 integrem el Pentagonal, que fins ara anava per lliure, a mes tamb\u00e9 el total de resta de proves oficials de la Federaci\u00f3 per els s\u00e8niors.<\/p>\n\n\n\n<p class=\"wp-block-paragraph\">A nivell esportiu decidim deixar de fer la Lliga Catalana de Parelles, que de fet ja no era \u201cCatalana\u201d si no d\u2019ASEP i per altre banda, des del Comit\u00e8, ja est\u00e0vem preparant noves competicions.<\/p>\n\n\n\n<h3 class=\"wp-block-heading\">VIII Intercamps<\/h3>\n\n\n\n<p class=\"wp-block-paragraph\">Aquest any no, per que es molt precipitat, per\u00f2 ara s\u00ed que estem en disposici\u00f3 de cr\u00e9ixer, nosaltres com a Intercamps Oest, si us fixeu ja fa anys que som 18 equips. <\/p>\n\n\n\n<p class=\"wp-block-paragraph\">Naturalment que ens havien arribat peticions d&#8217;altres equips, per participar a la nostra competici\u00f3, per\u00f2 en primer lloc, si sols era un o dos equips ens descol\u00b7locaven els n\u00fameros, no \u00e9rem suficients per tres divisions i tampoc jo estava segur de poder suportar tanta carga de feina.<\/p>\n\n\n\n<p class=\"wp-block-paragraph\">Dins el nostre circuit, v\u00e0rem fer alguns canvis, la pujada a 480 de drets d\u2019inscripci\u00f3 no eren suficients com per mantenir les prestacions que ven\u00edem tenint fins ara (la retirada de la subvenci\u00f3 de la Federaci\u00f3, es deixava notar) es a dir, els calendaris de la temporada, els carnets de jugadors de l\u2019Intercamps, els premis d\u2019oli i vi per les parelles guanyadores de cada prova, els lots per cada jugador, els greenfees, reuni\u00f3 de capitans i dinars de les finals i els greenfees i polos per l\u2019equip de la Ryder, etc.. aix\u00ed que vam decidir pujar el preu del greenfees de cada prova a 12\u20ac i els camps ens retornaria 1,5\u20ac per cada jugador, amb aix\u00f2, vam incrementar la recaptaci\u00f3 amb uns 900\u20ac per temporada.<\/p>\n\n\n\n<p class=\"wp-block-paragraph\">La nota mes significativa d\u2019aquesta temporada va ser la desaparici\u00f3 del equip de La Graiera, cosa que va permetre entrar un segon equip de Sant Jaume que ya feia temps que ho havia demanat.<\/p>\n\n\n\n<h4 class=\"wp-block-heading\">Els equips participants en el VIII Intercamps Oest van ser:<\/h4>\n\n\n\n<div class=\"wp-block-columns is-layout-flex wp-container-core-columns-is-layout-f56f613f wp-block-columns-is-layout-flex\">\n<div class=\"wp-block-column is-layout-flow wp-block-column-is-layout-flow\">\n<p class=\"wp-block-paragraph\"><em>1\u00aa divisi\u00f3<\/em><\/p>\n\n\n\n<ol class=\"wp-block-list\">\n<li>BELLPUIG<\/li>\n\n\n\n<li>BON\u00c0REA A<\/li>\n\n\n\n<li>CAN RAFEL S\u00c8NIORS<\/li>\n\n\n\n<li>EL VALL\u00c8S A<\/li>\n\n\n\n<li>MANRESA SAVA<\/li>\n\n\n\n<li>PORTAL DEL ROC<\/li>\n\n\n\n<li>ROC3<\/li>\n\n\n\n<li>SANT JAUME PENED\u00c8S<\/li>\n\n\n\n<li>TEYCO L&#8217;AMPOLLA<\/li>\n<\/ol>\n<\/div>\n\n\n\n<div class=\"wp-block-column is-layout-flow wp-block-column-is-layout-flow\">\n<p class=\"wp-block-paragraph\"><em>2\u00aa divisi\u00f3<\/em><\/p>\n\n\n\n<ol class=\"wp-block-list\">\n<li>BON\u00c0REA B<\/li>\n\n\n\n<li>CAN CUY\u00c0S<\/li>\n\n\n\n<li>EL VALL&#8217;ES B<\/li>\n\n\n\n<li>EL VENDRELL A<\/li>\n\n\n\n<li>EL VENDRELL B<\/li>\n\n\n\n<li>LLEIDA A<\/li>\n\n\n\n<li>LLEIDA PONENT<\/li>\n\n\n\n<li>SANT JAUME B<\/li>\n\n\n\n<li>S\u00c8NIORS MANRESA<\/li>\n<\/ol>\n<\/div>\n<\/div>\n\n\n\n<h3 class=\"wp-block-heading\">VIII Interzones<\/h3>\n\n\n\n<p class=\"wp-block-paragraph\">Enguany, l\u2019Interzones toca al Est i escullen el camps de La Garriga, i ho guanyen els del l&#8217;est un altre vegada.<\/p>\n\n\n\n<p class=\"wp-block-paragraph\">El guanyador va ser:<\/p>\n\n\n\n<h4 class=\"wp-block-heading has-text-align-center\"><strong>SANT CEBRI\u00c0<\/strong><\/h4>\n\n\n\n<h3 class=\"wp-block-heading\">VI Ryder SEMAR vs ASEP<\/h3>\n\n\n\n<p class=\"wp-block-paragraph\">Ja al principi en els reglaments de la Ryder, v\u00e0rem posar que la copa seria rotat\u00f2ria i quedaria en propietat del equip que la guanyes 3 vegades seguides o 5 alternes.<\/p>\n\n\n\n<p class=\"wp-block-paragraph\">Dons anem cam\u00ed de tenir-la en propietat, es la primera vegada a la nostra Ryder, que la guanya l\u2019equip no local, es a dir, Oest (nosaltres) la vam guanyar a Mas Gurumbau, un camp de la seva zona, aix\u00ed que en cas de que repetim a la propera edici\u00f3, que es far\u00e0 en un de la nostra zona, tindrem la copa en propietat.<\/p>\n\n\n\n<p class=\"wp-block-paragraph\">El guanyadors de la VI Ryder a Mas Gurumbau:<\/p>\n\n\n\n<h4 class=\"wp-block-heading has-text-align-center\"><strong>ASEP<\/strong><\/h4>\n\n\n\n<h4 class=\"wp-block-heading\"><em>Resultats i fotografies:<\/em><\/h4>\n\n\n\n<ul class=\"wp-block-list\">\n<li>A&nbsp; la pestanya \u201cEl que ja hem fet\u201d consultar \u201cHist\u00f2ric de resultats\u201d<\/li>\n\n\n\n<li>Les fotografies de la temporada les podeu veure clicant <a href=\"https:\/\/www.asep.cat\/index.php\/2026\/01\/02\/temporada-2014-15\/\">aqu\u00ed<\/a>.<\/li>\n<\/ul>\n","protected":false},"excerpt":{"rendered":"<p>Descripci\u00f3 de la temporada Comencem una nova etapa amb la col\u00b7laboraci\u00f3 de la Federaci\u00f3 i nou reglament igual que el dels companys del SEMAR, per\u00f2 amb annexes espec\u00edfics per a cada zona. Segons els acords, la Federaci\u00f3, obrir\u00e0 una pestanya a la seva web, on figuraran les sortides i resultats dels Intercamps ara oficialment Est [&hellip;]<\/p>\n","protected":false},"author":5,"featured_media":0,"parent":0,"menu_order":0,"comment_status":"closed","ping_status":"closed","template":"","meta":{"footnotes":""},"c2tw_page_folder":[137],"class_list":["post-18519","page","type-page","status-publish","hentry","c2tw_page_folder-un-cop-dull-al-passat"],"_links":{"self":[{"href":"https:\/\/www.asep.cat\/index.php\/wp-json\/wp\/v2\/pages\/18519","targetHints":{"allow":["GET"]}}],"collection":[{"href":"https:\/\/www.asep.cat\/index.php\/wp-json\/wp\/v2\/pages"}],"about":[{"href":"https:\/\/www.asep.cat\/index.php\/wp-json\/wp\/v2\/types\/page"}],"author":[{"embeddable":true,"href":"https:\/\/www.asep.cat\/index.php\/wp-json\/wp\/v2\/users\/5"}],"replies":[{"embeddable":true,"href":"https:\/\/www.asep.cat\/index.php\/wp-json\/wp\/v2\/comments?post=18519"}],"version-history":[{"count":5,"href":"https:\/\/www.asep.cat\/index.php\/wp-json\/wp\/v2\/pages\/18519\/revisions"}],"predecessor-version":[{"id":19621,"href":"https:\/\/www.asep.cat\/index.php\/wp-json\/wp\/v2\/pages\/18519\/revisions\/19621"}],"wp:attachment":[{"href":"https:\/\/www.asep.cat\/index.php\/wp-json\/wp\/v2\/media?parent=18519"}],"wp:term":[{"taxonomy":"c2tw_page_folder","embeddable":true,"href":"https:\/\/www.asep.cat\/index.php\/wp-json\/wp\/v2\/c2tw_page_folder?post=18519"}],"curies":[{"name":"wp","href":"https:\/\/api.w.org\/{rel}","templated":true}]}}