{"id":18515,"date":"2026-08-02T16:56:43","date_gmt":"2026-08-02T14:56:43","guid":{"rendered":"https:\/\/www.asep.cat\/?page_id=18515"},"modified":"2026-08-16T12:51:21","modified_gmt":"2026-08-16T10:51:21","slug":"temporada-2012-13","status":"publish","type":"page","link":"https:\/\/www.asep.cat\/index.php\/temporada-2012-13\/","title":{"rendered":"Temporada 2012\/13"},"content":{"rendered":"\n<h2 class=\"wp-block-heading\">Descripci\u00f3 de la temporada<\/h2>\n\n\n\n<p class=\"wp-block-paragraph\">La nostre associaci\u00f3 va prenent notorietat i la revista Sota Par tamb\u00e9 dedica un parell de p\u00e0gines al nostre circuit. A cada jornada els enviem una cr\u00f2nica junt amb les fotografies i ens ho editen, aix\u00ed que les dos revistes mes prestigioses del P&amp;P, dediquen unes p\u00e0gines al Intercamps ASEP<\/p>\n\n\n\n<p class=\"wp-block-paragraph\">Per donar una imatge a la nova ASEP, v\u00e0rem convocar un concurs de logos que s&#8217;hi van presentar varis i al final, vam escollir el que fem servir actualment i que va presentar en Josep M\u00aa Comella del Sant Jaume 1994, naturalment se\u2019l va premiar amb una ampolla d\u2019oli.<\/p>\n\n\n\n<p class=\"wp-block-paragraph\">Decididament, v\u00e0rem veure que donar trofeus (darrerament eren medalles) a tots els jugadors dels equips guanyadors, era un dispendi absurd i a partir d\u2019ara sols donarem trofeus als tres primers equips classificats Scratch i HCP de cada divisi\u00f3 i tant les parelles guanyadores a cada jornada, com els \u201cforat en un\u201d rebran ampolles d\u2019oli i vi de terra ferma, que ens la facilita en Rossend Crespo de l\u2019equip de Bellpuig.<\/p>\n\n\n\n<p class=\"wp-block-paragraph\">D\u2019altra part, a fi de que ning\u00fa tornes a casa sense res, en Josep V\u00e1zquez del Manresa SAVA, ens prepar\u00e0 uns lots per a tothom, que s\u2019ajusten al pressupost que tenim, ja que la Federaci\u00f3 continua aportant-nos una subvenci\u00f3 que enguany a estat de 1.180\u20ac<\/p>\n\n\n\n<h3 class=\"wp-block-heading\">VI Intercamps<\/h3>\n\n\n\n<p class=\"wp-block-paragraph\">Seguim amb les bases de les anteriors edicions, en principi no hi ha masses coses a canviar, excepte derogar el playoff d\u2019ascens que tants problemes va portar la temporada passada.<\/p>\n\n\n\n<p class=\"wp-block-paragraph\">Un altre canvi i pot ser el mes important, es que a fi d\u2019homologar-nos amb els companys del SEMAR, retoquem algunes discrep\u00e0ncies en els reglaments i mantenim els preus del greenfee a 10\u20ac com ells.<\/p>\n\n\n\n<p class=\"wp-block-paragraph\">Amb les dues divisions complertes, enguany no hi van haver nous equips, tot queda amb els 18 de l&#8217;any passat<\/p>\n\n\n\n<h4 class=\"wp-block-heading\">Els equips del VI Intercamps SP van ser:<\/h4>\n\n\n\n<div class=\"wp-block-columns is-layout-flex wp-container-core-columns-is-layout-f56f613f wp-block-columns-is-layout-flex\">\n<div class=\"wp-block-column is-layout-flow wp-block-column-is-layout-flow\">\n<p class=\"wp-block-paragraph\"><em>1a divisi\u00f3<\/em><\/p>\n\n\n\n<ol class=\"wp-block-list\">\n<li class=\"has-medium-font-size\">BON\u00c0REA -A-&nbsp;&nbsp;&nbsp;&nbsp;<\/li>\n\n\n\n<li class=\"has-medium-font-size\">CAN CUYAS<\/li>\n\n\n\n<li class=\"has-medium-font-size\">CAN RAFEL-TRADE<\/li>\n\n\n\n<li class=\"has-medium-font-size\">LLEIDA-PONENT<\/li>\n\n\n\n<li class=\"has-medium-font-size\">MANRESA -SAVA<\/li>\n\n\n\n<li class=\"has-medium-font-size\">PORTAL DEL ROC<\/li>\n\n\n\n<li class=\"has-medium-font-size\">ROC 3&nbsp;<\/li>\n\n\n\n<li class=\"has-medium-font-size\">SANT JAUME PENEDES<\/li>\n\n\n\n<li class=\"has-medium-font-size\">TEYCO L&#8217;AMPOLLA C.D&nbsp;<\/li>\n<\/ol>\n<\/div>\n\n\n\n<div class=\"wp-block-column is-layout-flow wp-block-column-is-layout-flow\">\n<p class=\"wp-block-paragraph\"><em>2a divisi\u00f3<\/em><\/p>\n\n\n\n<ol class=\"wp-block-list\">\n<li class=\"has-medium-font-size\">BELLPUIG<\/li>\n\n\n\n<li class=\"has-medium-font-size\">BON\u00c0REA -B-<\/li>\n\n\n\n<li class=\"has-medium-font-size\">EL VALL\u00c8S<\/li>\n\n\n\n<li class=\"has-medium-font-size\">EL VENDRELL A<\/li>\n\n\n\n<li class=\"has-medium-font-size\">EL VENDRELL B<\/li>\n\n\n\n<li class=\"has-medium-font-size\">LA GRAIERA<\/li>\n\n\n\n<li class=\"has-medium-font-size\">LLEIDA A<\/li>\n\n\n\n<li class=\"has-medium-font-size\">MANRESA SAVA -B-<\/li>\n\n\n\n<li class=\"has-medium-font-size\">SANT JAUME 1994<\/li>\n<\/ol>\n<\/div>\n<\/div>\n\n\n\n<h3 class=\"wp-block-heading\">VI Interzones<\/h3>\n\n\n\n<p class=\"wp-block-paragraph\">Cap novetat en aquesta competici\u00f3, fer-ho a una jornada sembla que agrada a tothom i com ja v\u00e0rem comentar, comencem la alternan\u00e7a, aquesta temporada toca a un camp del la zona del SEMAR i trien com a seu el HCP1, el guanyador va ser:<\/p>\n\n\n\n<h4 class=\"wp-block-heading has-text-align-center\"><strong>Sant Cebri\u00e0<\/strong><\/h4>\n\n\n\n<h3 class=\"wp-block-heading\">IV Ryder SEMAR vs ASEP<\/h3>\n\n\n\n<p class=\"wp-block-paragraph\">La Ryder tamb\u00e9 ja es una competici\u00f3 prou estabilitzada, en guany toca a un camp de la zona del SEMAR i escullen el camp de Sant Cebri\u00e0.<\/p>\n\n\n\n<p class=\"wp-block-paragraph\">Ja en aquesta edici\u00f3, vam tornar a fer de manera general, els polos de equip i a mes, ens les vam arreglar per que fossin gratis per els jugadors, diguem que era una mena de premi per la participaci\u00f3.<\/p>\n\n\n\n<p class=\"wp-block-paragraph\">El guanyador d\u2019aquesta temporada es l\u2019equip del<\/p>\n\n\n\n<h4 class=\"wp-block-heading has-text-align-center\"><strong>SEMAR<\/strong><\/h4>\n\n\n\n<h3 class=\"wp-block-heading\">II Lliga Catalana de parelles<\/h3>\n\n\n\n<p class=\"wp-block-paragraph\">Repetim temporada amb el nou format de equips de 4 jugadors, per\u00f2, la participaci\u00f3 per part dels equip del est ha baixat molt, sembla que ens motiva mes a nosaltres (oest) que a ells, al final el guanyador d\u2019aquesta edici\u00f3 va ser l&#8217;equip de:<\/p>\n\n\n\n<h4 class=\"wp-block-heading has-text-align-center\"><strong>Manresa SAVA<\/strong><\/h4>\n\n\n\n<h4 class=\"wp-block-heading\"><em>Resultats i fotografies:<\/em><\/h4>\n\n\n\n<ul class=\"wp-block-list\">\n<li>A&nbsp; la pestanya \u201cEl que ja hem fet\u201d podeu consultar \u201cHist\u00f2ric de resultats\u201d<\/li>\n\n\n\n<li>Les fotografies de la temporada les podeu veure clicant <a href=\"https:\/\/www.asep.cat\/index.php\/2026\/01\/02\/temporada-2012-13\/\"><strong><em>aqu\u00ed<\/em><\/strong><\/a>.<\/li>\n<\/ul>\n","protected":false},"excerpt":{"rendered":"<p>Descripci\u00f3 de la temporada La nostre associaci\u00f3 va prenent notorietat i la revista Sota Par tamb\u00e9 dedica un parell de p\u00e0gines al nostre circuit. A cada jornada els enviem una cr\u00f2nica junt amb les fotografies i ens ho editen, aix\u00ed que les dos revistes mes prestigioses del P&amp;P, dediquen unes p\u00e0gines al Intercamps ASEP Per [&hellip;]<\/p>\n","protected":false},"author":5,"featured_media":0,"parent":0,"menu_order":0,"comment_status":"closed","ping_status":"closed","template":"","meta":{"footnotes":""},"c2tw_page_folder":[137],"class_list":["post-18515","page","type-page","status-publish","hentry","c2tw_page_folder-un-cop-dull-al-passat"],"_links":{"self":[{"href":"https:\/\/www.asep.cat\/index.php\/wp-json\/wp\/v2\/pages\/18515","targetHints":{"allow":["GET"]}}],"collection":[{"href":"https:\/\/www.asep.cat\/index.php\/wp-json\/wp\/v2\/pages"}],"about":[{"href":"https:\/\/www.asep.cat\/index.php\/wp-json\/wp\/v2\/types\/page"}],"author":[{"embeddable":true,"href":"https:\/\/www.asep.cat\/index.php\/wp-json\/wp\/v2\/users\/5"}],"replies":[{"embeddable":true,"href":"https:\/\/www.asep.cat\/index.php\/wp-json\/wp\/v2\/comments?post=18515"}],"version-history":[{"count":14,"href":"https:\/\/www.asep.cat\/index.php\/wp-json\/wp\/v2\/pages\/18515\/revisions"}],"predecessor-version":[{"id":19613,"href":"https:\/\/www.asep.cat\/index.php\/wp-json\/wp\/v2\/pages\/18515\/revisions\/19613"}],"wp:attachment":[{"href":"https:\/\/www.asep.cat\/index.php\/wp-json\/wp\/v2\/media?parent=18515"}],"wp:term":[{"taxonomy":"c2tw_page_folder","embeddable":true,"href":"https:\/\/www.asep.cat\/index.php\/wp-json\/wp\/v2\/c2tw_page_folder?post=18515"}],"curies":[{"name":"wp","href":"https:\/\/api.w.org\/{rel}","templated":true}]}}